{"id":504911,"date":"2021-05-20T16:33:39","date_gmt":"2021-05-20T14:33:39","guid":{"rendered":"http:\/\/biomes.world\/?page_id=504911"},"modified":"2023-03-03T11:49:22","modified_gmt":"2023-03-03T10:49:22","slug":"prensa","status":"publish","type":"page","link":"https:\/\/biomes.world\/es\/service\/prensa\/","title":{"rendered":"Prensa"},"content":{"rendered":"<div id=\"stage-block_0c69aabb732dc4c90b69b34930e3d055\" class=\"stage stage--entry\">\n    <div class=\"stage__media\">\n        <img loading=\"lazy\" decoding=\"async\" width=\"1600\" height=\"650\" src=\"https:\/\/biomes.world\/wp-content\/uploads\/2021\/06\/Depositphotos_235063568_l-2015-1600x650.jpg\" class=\"attachment-post-header size-post-header\" alt=\"Ein Mann interviewt eine Frau in einem modernen B\u00fcro, w\u00e4hrend eine Kamera auf einem Stativ das Gespr\u00e4ch aufzeichnet. Im Hintergrund sind Pflanzen und Fenster zu sehen, die eine helle Atmosph\u00e4re schaffen.\" srcset=\"https:\/\/biomes.world\/wp-content\/uploads\/2021\/06\/Depositphotos_235063568_l-2015-300x200.jpg 300w, https:\/\/biomes.world\/wp-content\/uploads\/2021\/06\/Depositphotos_235063568_l-2015-1024x682.jpg 1024w, https:\/\/biomes.world\/wp-content\/uploads\/2021\/06\/Depositphotos_235063568_l-2015-768x512.jpg 768w, https:\/\/biomes.world\/wp-content\/uploads\/2021\/06\/Depositphotos_235063568_l-2015-1536x1024.jpg 1536w, https:\/\/biomes.world\/wp-content\/uploads\/2021\/06\/Depositphotos_235063568_l-2015-1440x960.jpg 1440w, https:\/\/biomes.world\/wp-content\/uploads\/2021\/06\/Depositphotos_235063568_l-2015-250x167.jpg 250w, https:\/\/biomes.world\/wp-content\/uploads\/2021\/06\/Depositphotos_235063568_l-2015.jpg 2000w\" sizes=\"auto, (max-width: 30em) 100vw, (max-width: 48em) 100vw, (max-width: 62em) 100vw, (max-width: 75em) 100vw, 1400px\" \/>    <\/div>\n    <div class=\"stage__header stage__header--entry\">\n        <div class=\"stage__col column\">\n            <h1 class=\"stage__title stage__title--entry\">\n                <span>BIOMES<\/span>\n                Notas de prensa            <\/h1>\n            \n\n<p class=\"wp-block-paragraph\">En <strong>BIOMES<\/strong> queremos que todo el mundo tenga acceso a las altas tecnolog\u00edas. La ciencia es nuestra base. Con\u00f3zcanos.<\/p>\n\n        <\/div>\n    <\/div>\n<\/div>\n\n\n\n<p class=\"wp-block-paragraph\"><div class=\"post__entries site-block site-blockspace--bottom\"><div class=\"lg-up-3 md-up-2 xs-up-1 row\"><div class=\"post__item post column\"><div class=\"post__content\"><a href=\"https:\/\/biomes.world\/es\/prensa\/estado-de-animo-de-los-espanoles-ha-empeorado-durante-la-pandemia\/\" class=\"post__thumbnail\" tabindex=\"0\"><img loading=\"lazy\" decoding=\"async\" width=\"800\" height=\"470\" src=\"https:\/\/biomes.world\/wp-content\/uploads\/2021\/06\/Depositphotos_167636164_s-2019-800x470.jpg\" class=\"attachment-post-thumbnail size-post-thumbnail wp-post-image\" alt=\"Paar fr\u00fchst\u00fcckt, gesundes essen\" srcset=\"https:\/\/biomes.world\/wp-content\/uploads\/2021\/06\/Depositphotos_167636164_s-2019-800x470.jpg 800w, https:\/\/biomes.world\/wp-content\/uploads\/2021\/06\/Depositphotos_167636164_s-2019-400x235.jpg 400w\" sizes=\"auto, (max-width: 800px) 100vw, 800px\" \/><\/a><div class=\"entry\"><div class=\"entry__meta\"><span class=\"meta__posted-on\">Posted on <time class=\"meta__date meta__date--published\" datetime=\"2021-06-29T10:55:13+02:00\" itemprop=\"datePublished\">29 de junio de 2021<\/time><time class=\"meta__date--updated\" datetime=\"2021-09-17T09:29:38+02:00\" itemprop=\"dateModified\"><\/time><\/span><\/div><div class=\"entry__header\"><div class=\"entry__title h2\"><a href=\"https:\/\/biomes.world\/es\/prensa\/estado-de-animo-de-los-espanoles-ha-empeorado-durante-la-pandemia\/\">El estado de \u00e1nimo de los espa\u00f1oles est\u00e1 en riesgo<\/a><\/div><\/div><\/div><\/div><\/div><div class=\"post__item post column\"><div class=\"post__content\"><a href=\"https:\/\/biomes.world\/es\/prensa\/la-piel-es-un-reflejo-de-nuestra-digestion\/\" class=\"post__thumbnail\" tabindex=\"0\"><img loading=\"lazy\" decoding=\"async\" width=\"800\" height=\"470\" src=\"https:\/\/biomes.world\/wp-content\/uploads\/2021\/04\/Depositphotos_25289871_s-2019-800x470.jpg\" class=\"attachment-post-thumbnail size-post-thumbnail wp-post-image\" alt=\"\" srcset=\"https:\/\/biomes.world\/wp-content\/uploads\/2021\/04\/Depositphotos_25289871_s-2019-800x470.jpg 800w, https:\/\/biomes.world\/wp-content\/uploads\/2021\/04\/Depositphotos_25289871_s-2019-400x235.jpg 400w\" sizes=\"auto, (max-width: 800px) 100vw, 800px\" \/><\/a><div class=\"entry\"><div class=\"entry__meta\"><span class=\"meta__posted-on\">Posted on <time class=\"meta__date meta__date--published\" datetime=\"2021-05-26T10:48:47+02:00\" itemprop=\"datePublished\">26 de mayo de 2021<\/time><time class=\"meta__date--updated\" datetime=\"2023-02-27T11:05:04+01:00\" itemprop=\"dateModified\"><\/time><\/span><\/div><div class=\"entry__header\"><div class=\"entry__title h2\"><a href=\"https:\/\/biomes.world\/es\/prensa\/la-piel-es-un-reflejo-de-nuestra-digestion\/\">La piel es un reflejo de nuestra digesti\u00f3n: cinco consejos que ayudan a reducir el acn\u00e9 y las impurezas<\/a><\/div><\/div><\/div><\/div><\/div><div class=\"post__item post column\"><div class=\"post__content\"><a href=\"https:\/\/biomes.world\/es\/prensa\/mantenerse-joven-fisica-y-mentalmente-a-partir-de-los-50s\/\" class=\"post__thumbnail\" tabindex=\"0\"><img loading=\"lazy\" decoding=\"async\" width=\"800\" height=\"470\" src=\"https:\/\/biomes.world\/wp-content\/uploads\/2021\/05\/Gesund_kochen_Copyright-Unsplash_Conscious-Design-e1618856014802-1200x480-1-800x470.jpg\" class=\"attachment-post-thumbnail size-post-thumbnail wp-post-image\" alt=\"K\u00f6rperlich jung bleiben\" srcset=\"https:\/\/biomes.world\/wp-content\/uploads\/2021\/05\/Gesund_kochen_Copyright-Unsplash_Conscious-Design-e1618856014802-1200x480-1-800x470.jpg 800w, https:\/\/biomes.world\/wp-content\/uploads\/2021\/05\/Gesund_kochen_Copyright-Unsplash_Conscious-Design-e1618856014802-1200x480-1-400x235.jpg 400w\" sizes=\"auto, (max-width: 800px) 100vw, 800px\" \/><\/a><div class=\"entry\"><div class=\"entry__meta\"><span class=\"meta__posted-on\">Posted on <time class=\"meta__date meta__date--published\" datetime=\"2021-04-20T10:07:27+02:00\" itemprop=\"datePublished\">20 de abril de 2021<\/time><time class=\"meta__date--updated\" datetime=\"2021-09-17T09:33:12+02:00\" itemprop=\"dateModified\"><\/time><\/span><\/div><div class=\"entry__header\"><div class=\"entry__title h2\"><a href=\"https:\/\/biomes.world\/es\/prensa\/mantenerse-joven-fisica-y-mentalmente-a-partir-de-los-50s\/\">Mantenerse joven f\u00edsica y mentalmente: tres consejos sobre la flora intestinal para tener m\u00e1s vitalidad a partir de los 50<\/a><\/div><\/div><\/div><\/div><\/div><div class=\"post__item post column\"><div class=\"post__content\"><a href=\"https:\/\/biomes.world\/es\/prensa\/un-estudio-demuestra-que-el-ayuno-curativo-tiene-efectos-positivos-para-la-flora-intestinal\/\" class=\"post__thumbnail\" tabindex=\"0\"><img loading=\"lazy\" decoding=\"async\" width=\"800\" height=\"470\" src=\"https:\/\/biomes.world\/wp-content\/uploads\/2021\/05\/Orangensaft_Copyright-Unsplash-Rene-Lehmkuhl-1200x480-1-800x470.jpg\" class=\"attachment-post-thumbnail size-post-thumbnail wp-post-image\" alt=\"Orangensaft\" srcset=\"https:\/\/biomes.world\/wp-content\/uploads\/2021\/05\/Orangensaft_Copyright-Unsplash-Rene-Lehmkuhl-1200x480-1-800x470.jpg 800w, https:\/\/biomes.world\/wp-content\/uploads\/2021\/05\/Orangensaft_Copyright-Unsplash-Rene-Lehmkuhl-1200x480-1-400x235.jpg 400w\" sizes=\"auto, (max-width: 800px) 100vw, 800px\" \/><\/a><div class=\"entry\"><div class=\"entry__meta\"><span class=\"meta__posted-on\">Posted on <time class=\"meta__date meta__date--published\" datetime=\"2021-03-30T15:48:18+02:00\" itemprop=\"datePublished\">30 de marzo de 2021<\/time><time class=\"meta__date--updated\" datetime=\"2023-03-07T13:59:35+01:00\" itemprop=\"dateModified\"><\/time><\/span><\/div><div class=\"entry__header\"><div class=\"entry__title h2\"><a href=\"https:\/\/biomes.world\/es\/prensa\/un-estudio-demuestra-que-el-ayuno-curativo-tiene-efectos-positivos-para-la-flora-intestinal\/\">Un estudio demuestra que el ayuno curativo tiene efectos positivos para la flora intestinal<\/a><\/div><\/div><\/div><\/div><\/div><div class=\"post__item post column\"><div class=\"post__content\"><a href=\"https:\/\/biomes.world\/es\/prensa\/tres-buenas-noticias-sobre-la-covid-19\/\" class=\"post__thumbnail\" tabindex=\"0\"><img loading=\"lazy\" decoding=\"async\" width=\"800\" height=\"470\" src=\"https:\/\/biomes.world\/wp-content\/uploads\/2021\/02\/Corona_Copyright-Unsplash-CDC-1024x576-1-800x470.jpg\" class=\"attachment-post-thumbnail size-post-thumbnail wp-post-image\" alt=\"Corona virus\" srcset=\"https:\/\/biomes.world\/wp-content\/uploads\/2021\/02\/Corona_Copyright-Unsplash-CDC-1024x576-1-800x470.jpg 800w, https:\/\/biomes.world\/wp-content\/uploads\/2021\/02\/Corona_Copyright-Unsplash-CDC-1024x576-1-400x235.jpg 400w\" sizes=\"auto, (max-width: 800px) 100vw, 800px\" \/><\/a><div class=\"entry\"><div class=\"entry__meta\"><span class=\"meta__posted-on\">Posted on <time class=\"meta__date meta__date--published\" datetime=\"2021-03-20T10:03:37+01:00\" itemprop=\"datePublished\">20 de marzo de 2021<\/time><time class=\"meta__date--updated\" datetime=\"2021-07-23T12:49:42+02:00\" itemprop=\"dateModified\"><\/time><\/span><\/div><div class=\"entry__header\"><div class=\"entry__title h2\"><a href=\"https:\/\/biomes.world\/es\/prensa\/tres-buenas-noticias-sobre-la-covid-19\/\">Tres buenas noticias sobre la COVID-19<\/a><\/div><\/div><\/div><\/div><\/div><div class=\"post__item post column\"><div class=\"post__content\"><a href=\"https:\/\/biomes.world\/es\/prensa\/biomes-premiado-en-todos-los-puntos-intest-pro-es-el-ganador-en-la-comparacion-internacional-de-kits-de-pruebas-del-microbioma\/\" class=\"post__thumbnail\" tabindex=\"0\"><img loading=\"lazy\" decoding=\"async\" width=\"800\" height=\"470\" src=\"https:\/\/biomes.world\/wp-content\/uploads\/2019\/10\/Depositphotos_71296193_l-2015-800x470.jpg\" class=\"attachment-post-thumbnail size-post-thumbnail wp-post-image\" alt=\"Muskel Fitness\" srcset=\"https:\/\/biomes.world\/wp-content\/uploads\/2019\/10\/Depositphotos_71296193_l-2015-800x470.jpg 800w, https:\/\/biomes.world\/wp-content\/uploads\/2019\/10\/Depositphotos_71296193_l-2015-400x235.jpg 400w\" sizes=\"auto, (max-width: 800px) 100vw, 800px\" \/><\/a><div class=\"entry\"><div class=\"entry__meta\"><span class=\"meta__posted-on\">Posted on <time class=\"meta__date meta__date--published\" datetime=\"2018-11-15T09:49:14+01:00\" itemprop=\"datePublished\">15 de noviembre de 2018<\/time><time class=\"meta__date--updated\" datetime=\"2022-07-26T13:43:40+02:00\" itemprop=\"dateModified\"><\/time><\/span><\/div><div class=\"entry__header\"><div class=\"entry__title h2\"><a href=\"https:\/\/biomes.world\/es\/prensa\/biomes-premiado-en-todos-los-puntos-intest-pro-es-el-ganador-en-la-comparacion-internacional-de-kits-de-pruebas-del-microbioma\/\">BIOMES premiado en todos los puntos: INTEST.pro es el ganador en la comparaci\u00f3n internacional de kits de pruebas del microbioma<\/a><\/div><\/div><\/div><\/div><\/div><\/div><div class=\"site-blockspace--both text-center row\"><div class=\"column\"><button class=\"wp-block-button__link post__loadmore\" data-limit=\"6\" data-slug=\"presseportal\" data-hide-excerpt=\"1\">leer m\u00e1s art\u00edculos<\/button><\/div><\/div><\/div><\/p>\n\n\n<div id=\"fullpic-block_bcd29a87e9d0e36e6f95741fe33f89fe\" class=\"fullpic fullpic--reverse site-block\" style=\"background-color: #F5F5F5;\">\n    <div class=\"fullpic__media\" data-slick='{ \"autoplaySpeed\": 6000, \"speed\": 3000 }'>\n        <div><img decoding=\"async\" src=\"https:\/\/biomes.world\/wp-content\/uploads\/2021\/07\/creative-presse_CTA-1600x650.jpg\" alt=\"\" srcset=\"https:\/\/biomes.world\/wp-content\/uploads\/2021\/07\/creative-presse_CTA-300x156.jpg 300w, https:\/\/biomes.world\/wp-content\/uploads\/2021\/07\/creative-presse_CTA-1024x532.jpg 1024w, https:\/\/biomes.world\/wp-content\/uploads\/2021\/07\/creative-presse_CTA-768x399.jpg 768w, https:\/\/biomes.world\/wp-content\/uploads\/2021\/07\/creative-presse_CTA-1536x798.jpg 1536w, https:\/\/biomes.world\/wp-content\/uploads\/2021\/07\/creative-presse_CTA-250x130.jpg 250w, https:\/\/biomes.world\/wp-content\/uploads\/2021\/07\/creative-presse_CTA.jpg 1600w\" sizes=\"(max-width: 30em) 100vw, (max-width: 48em) 100vw, (max-width: 62em) 100vw, (max-width: 75em) 100vw, 1600px\"><\/div>    <\/div>\n    <div class=\"fullpic__content\">\n        <div class=\"fullpic__col column\">\n            <div class=\"fullpic__title h1\"><span>Descarga<\/span>Descargue nuestro material de prensa<\/div><div>\n\n<p class=\"wp-block-paragraph\">Hemos recopilado para usted un detallado dossier de prensa con informaci\u00f3n sobre <strong>BIOMES<\/strong>, el producto <strong>INTEST.<\/strong>pro y fotos de nuestro laboratorio, productos y fundadores. Si necesita m\u00e1s informaci\u00f3n, p\u00f3ngase en contacto con nuestra agencia de relaciones p\u00fablicas en<\/p>\n\n\n\n<p class=\"wp-block-paragraph\"><strong><a href=\"mailto:Estela.Requena@berkeleypr.com\" target=\"_blank\" rel=\"noreferrer noopener\"><\/a><a href=\"mailto:Estela.Requena@berkeleypr.com\" rel=\"noreferrer noopener\" target=\"_blank\">Estela.Requena@berkeleypr.com<\/a><\/strong><\/p>\n\n<\/div><a href=\"https:\/\/biomesngs.sharepoint.com\/:f:\/s\/SharingHub\/EoJJYajEk6lBjuLdmzeuiTMBiFRvedOELl8QqqIoidfvug?e=9zAsxs\" target=\"\" class=\"wp-block-button__link \">Descargar material de prensa<\/a> <a href=\"https:\/\/www.youtube.com\/channel\/UCccSxYrEzSafryAJ_8LvTWw\" target=\"\" class=\"wp-block-button__link wp-block-button__link--hollow\">V\u00eddeos de BIOMES<\/a>        <\/div>\n    <\/div>\n    <\/div>\n    \n\n<div id=\"teaser-posts-block_08f60aeeb9312af96a756e5fbcabf096\" class=\"post__entries site-block\">\n    <div class=\"post__slide xs-up-1 md-up-2 lg-up-3 row\">\n                                <div class=\"post__item post column\">\n                <div class=\"post__content\">\n                    <div class=\"post__youtube-wrap\"><a href=\"https:\/\/youtu.be\/FSzOij5fvng\" target=\"_blank\"><div class=\"post__youtube\"><\/div><\/a><a href=\"https:\/\/youtu.be\/FSzOij5fvng\" class=\"post__thumbnail\" tabindex=\"0\"><img loading=\"lazy\" decoding=\"async\" width=\"800\" height=\"470\" src=\"https:\/\/biomes.world\/wp-content\/uploads\/2021\/07\/Thumbnail_Video_1-800x470.jpg\" class=\"attachment-post-thumbnail size-post-thumbnail\" alt=\"Video Thumbnail Youtube Video 1\" srcset=\"https:\/\/biomes.world\/wp-content\/uploads\/2021\/07\/Thumbnail_Video_1-800x470.jpg 800w, https:\/\/biomes.world\/wp-content\/uploads\/2021\/07\/Thumbnail_Video_1-400x235.jpg 400w\" sizes=\"auto, (max-width: 800px) 100vw, 800px\" \/><\/div><\/a>                    <div class=\"entry\">\n                        <div class=\"entry__header\">\n                            <div class=\"entry__title h2\">\n                            <a href=\"https:\/\/youtu.be\/FSzOij5fvng\">\u00bfQu\u00e9 puede hacer el test de flora intestinal INTEST.pro de BIOMES? <\/a>                            <\/div>\n                        <\/div>\n                        <div class=\"entry__excerpt\">V\u00eddeo en alem\u00e1n con subt\u00edtulos en ingl\u00e9s<\/div>                    <\/div>\n                <\/div>\n            <\/div>\n                        <div class=\"post__item post column\">\n                <div class=\"post__content\">\n                    <div class=\"post__youtube-wrap\"><a href=\"https:\/\/youtu.be\/7PtCjEWI-yE\" target=\"_blank\"><div class=\"post__youtube\"><\/div><\/a><a href=\"https:\/\/youtu.be\/7PtCjEWI-yE\" class=\"post__thumbnail\" tabindex=\"0\"><img loading=\"lazy\" decoding=\"async\" width=\"800\" height=\"470\" src=\"https:\/\/biomes.world\/wp-content\/uploads\/2021\/07\/Thumbnail_Video_2-800x470.jpg\" class=\"attachment-post-thumbnail size-post-thumbnail\" alt=\"Bild des BIOMES INTTEST.pro Kits zur vollst\u00e4ndigen Darmflora-Analyse, pr\u00e4sentiert auf einem Tisch im Labor. Das Kit enth\u00e4lt eine Spritze und einen Testbeh\u00e4lter, um individuelle Empfehlungen f\u00fcr eine verbesserte Lebensqualit\u00e4t zu erhalten.\" srcset=\"https:\/\/biomes.world\/wp-content\/uploads\/2021\/07\/Thumbnail_Video_2-800x470.jpg 800w, https:\/\/biomes.world\/wp-content\/uploads\/2021\/07\/Thumbnail_Video_2-400x235.jpg 400w\" sizes=\"auto, (max-width: 800px) 100vw, 800px\" \/><\/div><\/a>                    <div class=\"entry\">\n                        <div class=\"entry__header\">\n                            <div class=\"entry__title h2\">\n                            <a href=\"https:\/\/youtu.be\/7PtCjEWI-yE\">M\u00e1s informaci\u00f3n sobre el procedimiento de prueba intestinal INTEST.pro<\/a>                            <\/div>\n                        <\/div>\n                        <div class=\"entry__excerpt\">V\u00eddeo en alem\u00e1n con subt\u00edtulos en ingl\u00e9s<\/div>                    <\/div>\n                <\/div>\n            <\/div>\n                        <div class=\"post__item post column\">\n                <div class=\"post__content\">\n                    <div class=\"post__youtube-wrap\"><a href=\"https:\/\/youtu.be\/NFpEhp30euo\" target=\"_blank\"><div class=\"post__youtube\"><\/div><\/a><a href=\"https:\/\/youtu.be\/NFpEhp30euo\" class=\"post__thumbnail\" tabindex=\"0\"><img loading=\"lazy\" decoding=\"async\" width=\"800\" height=\"470\" src=\"https:\/\/biomes.world\/wp-content\/uploads\/2021\/07\/Thumbnail_Video_3-800x470.jpg\" class=\"attachment-post-thumbnail size-post-thumbnail\" alt=\"Video Thumbnail Youtube Video 3\" srcset=\"https:\/\/biomes.world\/wp-content\/uploads\/2021\/07\/Thumbnail_Video_3-800x470.jpg 800w, https:\/\/biomes.world\/wp-content\/uploads\/2021\/07\/Thumbnail_Video_3-400x235.jpg 400w\" sizes=\"auto, (max-width: 800px) 100vw, 800px\" \/><\/div><\/a>                    <div class=\"entry\">\n                        <div class=\"entry__header\">\n                            <div class=\"entry__title h2\">\n                            <a href=\"https:\/\/youtu.be\/NFpEhp30euo\">\u00bfPor qu\u00e9 es tan importante nuestra flora intestinal?<\/a>                            <\/div>\n                        <\/div>\n                        <div class=\"entry__excerpt\">V\u00eddeo en alem\u00e1n con subt\u00edtulos en ingl\u00e9s<\/div>                    <\/div>\n                <\/div>\n            <\/div>\n                        <\/div>\n<\/div>\n\n\n\n<h2 class=\"wp-block-heading\" id=\"h-perfiles-de-expertos-para-descargar\"> Perfiles de expertos para descargar<\/h2>\n\n\n<div id=\"teaser-block_799cbd12b045635302d4872c5ee6a22b\" class=\"wp-block-biomesworld-teaser site-blockspace--both site-block\">\n    <div class=\"wp-block-biomesworld-teaser__row row xs-up-1 md-up-2 lg-up-3\">\n                                    <div class=\"wp-block-biomesworld-teaser__col column\">\n                    <a href=\"https:\/\/biomes.world\/wp-content\/uploads\/2021\/08\/ES-Steckbriefe-Paul.pdf\" class=\"wp-block-biomesworld-teaser__item\">                        <span class=\"wp-block-biomesworld-teaser__media\">\n                            <svg xmlns=\"http:\/\/www.w3.org\/2000\/svg\" viewBox=\"0 0 400 358.6\" preserveAspectRatio=\"xMaxYMax slice\">\n                            <image xlink:href=\"https:\/\/biomes.world\/wp-content\/uploads\/2021\/06\/CEO_Dr._Paul_Hammer_Expertenprofilbild-400x360.png\"  clip-path=\"url(#clip-teaser)\"\/>                                <clipPath id=\"clip-teaser\">\n                                    <path d=\"M277.3,0H122.7c-16.2,0-31.2,8.7-39.3,22.7L6.1,156.6c-8.1,14-8.1,31.3,0,45.4l77.3,133.9 c8.1,14,23.1,22.7,39.3,22.7h154.6c16.2,0,31.2-8.7,39.3-22.7L393.9,202c8.1-14,8.1-31.3,0-45.4L316.6,22.7 C308.5,8.7,293.5,0,277.3,0z\"\/>\n                                <\/clipPath>&#8216;;\n                                                        <\/svg>\n                        <\/span>\n                        <span class=\"wp-block-biomesworld-teaser__text\">\n                            <b>Dr. Paul Hammer<\/b>CEO &#038; Founder                        <\/span>\n                    <\/a>                <\/div>\n                            <div class=\"wp-block-biomesworld-teaser__col column\">\n                    <a href=\"https:\/\/biomes.world\/wp-content\/uploads\/2021\/08\/ES-Steckbriefe-Philipp.pdf\" class=\"wp-block-biomesworld-teaser__item\">                        <span class=\"wp-block-biomesworld-teaser__media\">\n                            <svg xmlns=\"http:\/\/www.w3.org\/2000\/svg\" viewBox=\"0 0 400 358.6\" preserveAspectRatio=\"xMaxYMax slice\">\n                            <image xlink:href=\"https:\/\/biomes.world\/wp-content\/uploads\/2021\/06\/Philipp_Expertenprofilbild-400x360.png\"  clip-path=\"url(#clip-teaser)\"\/>                                <clipPath id=\"clip-teaser\">\n                                    <path d=\"M277.3,0H122.7c-16.2,0-31.2,8.7-39.3,22.7L6.1,156.6c-8.1,14-8.1,31.3,0,45.4l77.3,133.9 c8.1,14,23.1,22.7,39.3,22.7h154.6c16.2,0,31.2-8.7,39.3-22.7L393.9,202c8.1-14,8.1-31.3,0-45.4L316.6,22.7 C308.5,8.7,293.5,0,277.3,0z\"\/>\n                                <\/clipPath>&#8216;;\n                                                        <\/svg>\n                        <\/span>\n                        <span class=\"wp-block-biomesworld-teaser__text\">\n                            <b>Philipp Franke<\/b>Head of Laboratory Co-Founder                        <\/span>\n                    <\/a>                <\/div>\n                            <div class=\"wp-block-biomesworld-teaser__col column\">\n                    <a href=\"https:\/\/biomes.world\/wp-content\/uploads\/2021\/08\/ES-Steckbriefe-Tewo.pdf\" class=\"wp-block-biomesworld-teaser__item\">                        <span class=\"wp-block-biomesworld-teaser__media\">\n                            <svg xmlns=\"http:\/\/www.w3.org\/2000\/svg\" viewBox=\"0 0 400 358.6\" preserveAspectRatio=\"xMaxYMax slice\">\n                            <image xlink:href=\"https:\/\/biomes.world\/wp-content\/uploads\/2021\/04\/tewo_web-400x360.jpg\"  clip-path=\"url(#clip-teaser)\"\/>                                <clipPath id=\"clip-teaser\">\n                                    <path d=\"M277.3,0H122.7c-16.2,0-31.2,8.7-39.3,22.7L6.1,156.6c-8.1,14-8.1,31.3,0,45.4l77.3,133.9 c8.1,14,23.1,22.7,39.3,22.7h154.6c16.2,0,31.2-8.7,39.3-22.7L393.9,202c8.1-14,8.1-31.3,0-45.4L316.6,22.7 C308.5,8.7,293.5,0,277.3,0z\"\/>\n                                <\/clipPath>&#8216;;\n                                                        <\/svg>\n                        <\/span>\n                        <span class=\"wp-block-biomesworld-teaser__text\">\n                            <b>Dr. Tewodros Debebe<\/b>Head of Science &#038; Co-Founder                        <\/span>\n                    <\/a>                <\/div>\n                            <div class=\"wp-block-biomesworld-teaser__col column\">\n                    <a href=\"https:\/\/biomes.world\/wp-content\/uploads\/2021\/08\/ES-Steckbriefe-Franzi.pdf\" class=\"wp-block-biomesworld-teaser__item\">                        <span class=\"wp-block-biomesworld-teaser__media\">\n                            <svg xmlns=\"http:\/\/www.w3.org\/2000\/svg\" viewBox=\"0 0 400 358.6\" preserveAspectRatio=\"xMaxYMax slice\">\n                            <image xlink:href=\"https:\/\/biomes.world\/wp-content\/uploads\/2021\/06\/Franziska_Expertenprofilbild-400x360.png\"  clip-path=\"url(#clip-teaser)\"\/>                                <clipPath id=\"clip-teaser\">\n                                    <path d=\"M277.3,0H122.7c-16.2,0-31.2,8.7-39.3,22.7L6.1,156.6c-8.1,14-8.1,31.3,0,45.4l77.3,133.9 c8.1,14,23.1,22.7,39.3,22.7h154.6c16.2,0,31.2-8.7,39.3-22.7L393.9,202c8.1-14,8.1-31.3,0-45.4L316.6,22.7 C308.5,8.7,293.5,0,277.3,0z\"\/>\n                                <\/clipPath>&#8216;;\n                                                        <\/svg>\n                        <\/span>\n                        <span class=\"wp-block-biomesworld-teaser__text\">\n                            <b>Franziska Dreidax<\/b>Nutricionista                        <\/span>\n                    <\/a>                <\/div>\n                            <div class=\"wp-block-biomesworld-teaser__col column\">\n                    <a href=\"https:\/\/biomes.world\/wp-content\/uploads\/2021\/08\/ES-Steckbriefe-Plamena.pdf\" class=\"wp-block-biomesworld-teaser__item\">                        <span class=\"wp-block-biomesworld-teaser__media\">\n                            <svg xmlns=\"http:\/\/www.w3.org\/2000\/svg\" viewBox=\"0 0 400 358.6\" preserveAspectRatio=\"xMaxYMax slice\">\n                            <image xlink:href=\"https:\/\/biomes.world\/wp-content\/uploads\/2021\/06\/Plamena_Expertenprofilbild-400x360.png\"  clip-path=\"url(#clip-teaser)\"\/>                                <clipPath id=\"clip-teaser\">\n                                    <path d=\"M277.3,0H122.7c-16.2,0-31.2,8.7-39.3,22.7L6.1,156.6c-8.1,14-8.1,31.3,0,45.4l77.3,133.9 c8.1,14,23.1,22.7,39.3,22.7h154.6c16.2,0,31.2-8.7,39.3-22.7L393.9,202c8.1-14,8.1-31.3,0-45.4L316.6,22.7 C308.5,8.7,293.5,0,277.3,0z\"\/>\n                                <\/clipPath>&#8216;;\n                                                        <\/svg>\n                        <\/span>\n                        <span class=\"wp-block-biomesworld-teaser__text\">\n                            <b>Plamena Dikarlo<\/b>Research &#038; Development                        <\/span>\n                    <\/a>                <\/div>\n                            <div class=\"wp-block-biomesworld-teaser__col column\">\n                    <a href=\"https:\/\/biomes.world\/wp-content\/uploads\/2021\/08\/ES-Steckbriefe-Isabel.pdf\" class=\"wp-block-biomesworld-teaser__item\">                        <span class=\"wp-block-biomesworld-teaser__media\">\n                            <svg xmlns=\"http:\/\/www.w3.org\/2000\/svg\" viewBox=\"0 0 400 358.6\" preserveAspectRatio=\"xMaxYMax slice\">\n                            <image xlink:href=\"https:\/\/biomes.world\/wp-content\/uploads\/2021\/06\/Isabel_Drost_Expertenprofilbild-400x360.png\"  clip-path=\"url(#clip-teaser)\"\/>                                <clipPath id=\"clip-teaser\">\n                                    <path d=\"M277.3,0H122.7c-16.2,0-31.2,8.7-39.3,22.7L6.1,156.6c-8.1,14-8.1,31.3,0,45.4l77.3,133.9 c8.1,14,23.1,22.7,39.3,22.7h154.6c16.2,0,31.2-8.7,39.3-22.7L393.9,202c8.1-14,8.1-31.3,0-45.4L316.6,22.7 C308.5,8.7,293.5,0,277.3,0z\"\/>\n                                <\/clipPath>&#8216;;\n                                                        <\/svg>\n                        <\/span>\n                        <span class=\"wp-block-biomesworld-teaser__text\">\n                            <b>Isabel Dorst<\/b>Innovation Assistant                        <\/span>\n                    <\/a>                <\/div>\n                        <\/div>\n<\/div>\n","protected":false},"excerpt":{"rendered":"<p>Wildau, 15 de noviembre de 2018 &#8211; En un total de ocho criterios de comparaci\u00f3n, el autotest de flora intestinal INTEST.pro logr\u00f3 convencer al equipo editorial de MyMicrobiome y se impuso a los competidores. Como \u00abGanador del mejor kit de pruebas del microbioma 2018\u00bb, la empresa de biotecnolog\u00eda y estilo de vida BIOMES tambi\u00e9n ha [&#8230;]<\/p>\n","protected":false},"author":1572,"featured_media":0,"parent":511977,"menu_order":0,"comment_status":"closed","ping_status":"closed","template":"","meta":{"_acf_changed":false,"footnotes":""},"class_list":["post-504911","page","type-page","status-publish","hentry"],"acf":[],"yoast_head":"<!-- This site is optimized with the Yoast SEO plugin v28.2 - https:\/\/yoast.com\/product\/yoast-seo-wordpress\/ -->\n<title>Portal de prensa - BIOMES Company News<\/title>\n<meta name=\"description\" content=\"En nuestra secci\u00f3n de prensa presentamos un fragmento de los art\u00edculos de prensa actuales sobre nuestra empresa y nuestros productos.\" \/>\n<meta name=\"robots\" content=\"index, follow, max-snippet:-1, max-image-preview:large, max-video-preview:-1\" \/>\n<link rel=\"canonical\" href=\"https:\/\/biomes.world\/es\/service\/prensa\/\" \/>\n<meta property=\"og:locale\" content=\"es_ES\" \/>\n<meta property=\"og:type\" content=\"article\" \/>\n<meta property=\"og:title\" content=\"Portal de prensa - BIOMES Company News\" \/>\n<meta property=\"og:description\" content=\"En nuestra secci\u00f3n de prensa presentamos un fragmento de los art\u00edculos de prensa actuales sobre nuestra empresa y nuestros productos.\" \/>\n<meta property=\"og:url\" content=\"https:\/\/biomes.world\/es\/service\/prensa\/\" \/>\n<meta property=\"og:site_name\" content=\"BIOMES - Feel better\" \/>\n<meta property=\"article:publisher\" content=\"https:\/\/de-de.facebook.com\/BIOMES.world\/\" \/>\n<meta property=\"article:modified_time\" content=\"2023-03-03T10:49:22+00:00\" \/>\n<meta name=\"twitter:card\" content=\"summary_large_image\" \/>\n<meta name=\"twitter:label1\" content=\"Tiempo de lectura\" \/>\n\t<meta name=\"twitter:data1\" content=\"1 minuto\" \/>\n<script type=\"application\/ld+json\" class=\"yoast-schema-graph\">{\"@context\":\"https:\\\/\\\/schema.org\",\"@graph\":[{\"@type\":\"WebPage\",\"@id\":\"https:\\\/\\\/biomes.world\\\/es\\\/service\\\/prensa\\\/\",\"url\":\"https:\\\/\\\/biomes.world\\\/es\\\/service\\\/prensa\\\/\",\"name\":\"Portal de prensa - BIOMES Company News\",\"isPartOf\":{\"@id\":\"https:\\\/\\\/biomes.world\\\/es\\\/#website\"},\"datePublished\":\"2021-05-20T14:33:39+00:00\",\"dateModified\":\"2023-03-03T10:49:22+00:00\",\"description\":\"En nuestra secci\u00f3n de prensa presentamos un fragmento de los art\u00edculos de prensa actuales sobre nuestra empresa y nuestros productos.\",\"breadcrumb\":{\"@id\":\"https:\\\/\\\/biomes.world\\\/es\\\/service\\\/prensa\\\/#breadcrumb\"},\"inLanguage\":\"es\",\"potentialAction\":[{\"@type\":\"ReadAction\",\"target\":[\"https:\\\/\\\/biomes.world\\\/es\\\/service\\\/prensa\\\/\"]}]},{\"@type\":\"BreadcrumbList\",\"@id\":\"https:\\\/\\\/biomes.world\\\/es\\\/service\\\/prensa\\\/#breadcrumb\",\"itemListElement\":[{\"@type\":\"ListItem\",\"position\":1,\"name\":\"Home\",\"item\":\"https:\\\/\\\/biomes.world\\\/es\\\/\"},{\"@type\":\"ListItem\",\"position\":2,\"name\":\"Pie de p\u00e1gina Servicio\",\"item\":\"http:\\\/\\\/blog.biomes.world\\\/es\\\/service\\\/\"},{\"@type\":\"ListItem\",\"position\":3,\"name\":\"Prensa\"}]},{\"@type\":\"WebSite\",\"@id\":\"https:\\\/\\\/biomes.world\\\/es\\\/#website\",\"url\":\"https:\\\/\\\/biomes.world\\\/es\\\/\",\"name\":\"BIOMES - Feel better\",\"description\":\"Cutting-edge biotechnology used to help people\",\"publisher\":{\"@id\":\"https:\\\/\\\/biomes.world\\\/es\\\/#organization\"},\"potentialAction\":[{\"@type\":\"SearchAction\",\"target\":{\"@type\":\"EntryPoint\",\"urlTemplate\":\"https:\\\/\\\/biomes.world\\\/es\\\/?s={search_term_string}\"},\"query-input\":{\"@type\":\"PropertyValueSpecification\",\"valueRequired\":true,\"valueName\":\"search_term_string\"}}],\"inLanguage\":\"es\"},{\"@type\":\"Organization\",\"@id\":\"https:\\\/\\\/biomes.world\\\/es\\\/#organization\",\"name\":\"BIOMES 4.0 GmbH\",\"url\":\"https:\\\/\\\/biomes.world\\\/es\\\/\",\"logo\":{\"@type\":\"ImageObject\",\"inLanguage\":\"es\",\"@id\":\"https:\\\/\\\/biomes.world\\\/es\\\/#\\\/schema\\\/logo\\\/image\\\/\",\"url\":\"https:\\\/\\\/biomes.world\\\/wp-content\\\/uploads\\\/2024\\\/04\\\/biomes_logo_2021_RGB.png\",\"contentUrl\":\"https:\\\/\\\/biomes.world\\\/wp-content\\\/uploads\\\/2024\\\/04\\\/biomes_logo_2021_RGB.png\",\"width\":10040,\"height\":2599,\"caption\":\"BIOMES 4.0 GmbH\"},\"image\":{\"@id\":\"https:\\\/\\\/biomes.world\\\/es\\\/#\\\/schema\\\/logo\\\/image\\\/\"},\"sameAs\":[\"https:\\\/\\\/de-de.facebook.com\\\/BIOMES.world\\\/\",\"https:\\\/\\\/www.youtube.com\\\/@BIOMESworld\",\"https:\\\/\\\/www.instagram.com\\\/biomes_official\\\/\"]}]}<\/script>\n<!-- \/ Yoast SEO plugin. -->","yoast_head_json":{"title":"Portal de prensa - BIOMES Company News","description":"En nuestra secci\u00f3n de prensa presentamos un fragmento de los art\u00edculos de prensa actuales sobre nuestra empresa y nuestros productos.","robots":{"index":"index","follow":"follow","max-snippet":"max-snippet:-1","max-image-preview":"max-image-preview:large","max-video-preview":"max-video-preview:-1"},"canonical":"https:\/\/biomes.world\/es\/service\/prensa\/","og_locale":"es_ES","og_type":"article","og_title":"Portal de prensa - BIOMES Company News","og_description":"En nuestra secci\u00f3n de prensa presentamos un fragmento de los art\u00edculos de prensa actuales sobre nuestra empresa y nuestros productos.","og_url":"https:\/\/biomes.world\/es\/service\/prensa\/","og_site_name":"BIOMES - Feel better","article_publisher":"https:\/\/de-de.facebook.com\/BIOMES.world\/","article_modified_time":"2023-03-03T10:49:22+00:00","twitter_card":"summary_large_image","twitter_misc":{"Tiempo de lectura":"1 minuto"},"schema":{"@context":"https:\/\/schema.org","@graph":[{"@type":"WebPage","@id":"https:\/\/biomes.world\/es\/service\/prensa\/","url":"https:\/\/biomes.world\/es\/service\/prensa\/","name":"Portal de prensa - BIOMES Company News","isPartOf":{"@id":"https:\/\/biomes.world\/es\/#website"},"datePublished":"2021-05-20T14:33:39+00:00","dateModified":"2023-03-03T10:49:22+00:00","description":"En nuestra secci\u00f3n de prensa presentamos un fragmento de los art\u00edculos de prensa actuales sobre nuestra empresa y nuestros productos.","breadcrumb":{"@id":"https:\/\/biomes.world\/es\/service\/prensa\/#breadcrumb"},"inLanguage":"es","potentialAction":[{"@type":"ReadAction","target":["https:\/\/biomes.world\/es\/service\/prensa\/"]}]},{"@type":"BreadcrumbList","@id":"https:\/\/biomes.world\/es\/service\/prensa\/#breadcrumb","itemListElement":[{"@type":"ListItem","position":1,"name":"Home","item":"https:\/\/biomes.world\/es\/"},{"@type":"ListItem","position":2,"name":"Pie de p\u00e1gina Servicio","item":"http:\/\/blog.biomes.world\/es\/service\/"},{"@type":"ListItem","position":3,"name":"Prensa"}]},{"@type":"WebSite","@id":"https:\/\/biomes.world\/es\/#website","url":"https:\/\/biomes.world\/es\/","name":"BIOMES - Feel better","description":"Cutting-edge biotechnology used to help people","publisher":{"@id":"https:\/\/biomes.world\/es\/#organization"},"potentialAction":[{"@type":"SearchAction","target":{"@type":"EntryPoint","urlTemplate":"https:\/\/biomes.world\/es\/?s={search_term_string}"},"query-input":{"@type":"PropertyValueSpecification","valueRequired":true,"valueName":"search_term_string"}}],"inLanguage":"es"},{"@type":"Organization","@id":"https:\/\/biomes.world\/es\/#organization","name":"BIOMES 4.0 GmbH","url":"https:\/\/biomes.world\/es\/","logo":{"@type":"ImageObject","inLanguage":"es","@id":"https:\/\/biomes.world\/es\/#\/schema\/logo\/image\/","url":"https:\/\/biomes.world\/wp-content\/uploads\/2024\/04\/biomes_logo_2021_RGB.png","contentUrl":"https:\/\/biomes.world\/wp-content\/uploads\/2024\/04\/biomes_logo_2021_RGB.png","width":10040,"height":2599,"caption":"BIOMES 4.0 GmbH"},"image":{"@id":"https:\/\/biomes.world\/es\/#\/schema\/logo\/image\/"},"sameAs":["https:\/\/de-de.facebook.com\/BIOMES.world\/","https:\/\/www.youtube.com\/@BIOMESworld","https:\/\/www.instagram.com\/biomes_official\/"]}]}},"_links":{"self":[{"href":"https:\/\/biomes.world\/es\/wp-json\/wp\/v2\/pages\/504911","targetHints":{"allow":["GET"]}}],"collection":[{"href":"https:\/\/biomes.world\/es\/wp-json\/wp\/v2\/pages"}],"about":[{"href":"https:\/\/biomes.world\/es\/wp-json\/wp\/v2\/types\/page"}],"author":[{"embeddable":true,"href":"https:\/\/biomes.world\/es\/wp-json\/wp\/v2\/users\/1572"}],"replies":[{"embeddable":true,"href":"https:\/\/biomes.world\/es\/wp-json\/wp\/v2\/comments?post=504911"}],"version-history":[{"count":0,"href":"https:\/\/biomes.world\/es\/wp-json\/wp\/v2\/pages\/504911\/revisions"}],"up":[{"embeddable":true,"href":"https:\/\/biomes.world\/es\/wp-json\/wp\/v2\/pages\/511977"}],"wp:attachment":[{"href":"https:\/\/biomes.world\/es\/wp-json\/wp\/v2\/media?parent=504911"}],"curies":[{"name":"wp","href":"https:\/\/api.w.org\/{rel}","templated":true}]}}