{"id":507532,"date":"2021-06-03T16:18:26","date_gmt":"2021-06-03T14:18:26","guid":{"rendered":"http:\/\/biomes.world\/?page_id=507532"},"modified":"2021-09-27T15:24:12","modified_gmt":"2021-09-27T13:24:12","slug":"expertenprofil-dr-paul-hammer","status":"publish","type":"page","link":"https:\/\/biomes.world\/de\/expertenprofil\/dr-paul-hammer\/","title":{"rendered":"Expertenprofil Dr. Paul Hammer"},"content":{"rendered":"<div id=\"expert-block_60b8d3a51634e\" class=\"expert site-block\">\n\t<div class=\"row align-center\">\n\t\t<div class=\"xs-8 lg-4 column\">\n\t\t\t<figure class=\"expert__figure\">\n\t\t\t\t<svg xmlns=\"http:\/\/www.w3.org\/2000\/svg\" xmlns:xlink=\"http:\/\/www.w3.org\/1999\/xlink\" viewBox=\"0 0 400 358.572\">\n\t\t\t\t\t<defs>\n\t\t\t\t\t\t<pattern id=\"a_1433\" width=\"1\" height=\"1\" viewBox=\"0 0.714 400 358.572\">\n                            <image preserveAspectRatio=\"xMidYMid slice\" width=\"400\" height=\"400\" xlink:href=\"https:\/\/biomes.world\/wp-content\/uploads\/2021\/06\/CEO_Dr._Paul_Hammer_Expertenprofilbild-400x360.png\" \/>\t\t\t\t\t\t<\/pattern>\n\t\t\t\t\t<\/defs>\n\t\t\t\t\t<path d=\"M422.691 113.321H268.08a45.389 45.389 0 00-39.308 22.695l-77.305 133.9a45.389 45.389 0 000 45.389l77.305 133.9A45.389 45.389 0 00268.08 471.9h154.611A45.389 45.389 0 00462 449.2l77.3-133.9a45.39 45.39 0 000-45.389L462 136.016a45.389 45.389 0 00-39.309-22.695z\" transform=\"translate(-145.385 -113.321)\" fill=\"url(#a_1433)\"\/>\n\t\t\t\t<\/svg>\n                <div class=\"expert__social\"><a href=\"https:\/\/www.linkedin.com\/in\/dr-paul-hammer-99717245\/\" target=\"_blank\" class=\"expert__social-link\"><svg width=\"29\" height=\"14\"><use xlink:href=\"https:\/\/biomes.world\/wp-content\/themes\/biomesworld\/resources\/public\/svg\/sprite.svg?1.62#linkedin-in\"><\/use><\/svg><\/a><\/div>\t\t\t<\/figure>\n\t\t<\/div>\n\t\t<div class=\"xs-12 lg-6 column\">\n            <h1><span>CEO &#038; Founder<\/span>Dr. Paul Hammer  <\/h1><div class=\"expert__description\"><p>Dr. Paul Hammer ist als Gr\u00fcnder und CEO der Vision\u00e4r von <strong>BIOMES<\/strong>. 2012 promovierte er an der Naturwissenschaftlichen Fakult\u00e4t der Universit\u00e4t Potsdam in Systembiologie und Bioinformatik. Seine Mission ist der Technologietransfer von innovativen und pr\u00e4zisen medizinischen Anwendungen in den Gesundheitsmarkt mit dem Ziel der Verbesserung von Gesundheit und Wohlbefinden des individuellen Menschen. Er kombiniert dazu DNA-Hochdurchsatztechnologien mit maschinellen Lernalgorithmen unter Verarbeitung gro\u00dfer Datens\u00e4tze.<\/p>\n<\/div>\t\t<\/div>\n\t<\/div>\n<\/div>\n\n\n\n<p>Nach seiner interdisziplin\u00e4ren wissenschaftlichen Ausbildung und unterschiedlichen Projekten an renommierten Institutionen, wie dem Max-Planck-Institut f\u00fcr molekulare Genetik in Berlin, begann er 2010 seine unternehmerische Karriere als Gr\u00fcnder und Gesch\u00e4ftsf\u00fchrer. 2017 gr\u00fcndete er die <strong>BIOMES<\/strong> 4.0 GmbH. Das Biotechnologie-Unternehmen analysiert auf Basis der sogenannten Next Generation Sequencing-Methode die DNA der Mikroben, die in und am menschlichen K\u00f6rper leben. Das Ergebnis sind pers\u00f6nliche Mikrobiota-Profile, auf deren Basis die Kunden individuelle Empfehlungen zur Steigerung ihrer Lebensqualit\u00e4t erhalten. <\/p>\n\n\n\n<h2 class=\"wp-block-heading\" id=\"h-werdegang\">Werdegang<\/h2>\n\n\n\n<figure class=\"wp-block-table cv\"><table><tbody><tr><td><strong>2017<\/strong><\/td><td>Gr\u00fcnder und CEO der <strong>BIOMES<\/strong> 4.0 GmbH<\/td><\/tr><tr><td><strong>2016<\/strong><\/td><td>Mitgr\u00fcnder der Halotek UG<\/td><\/tr><tr><td><strong>2010 &#8211; 2014<\/strong><\/td><td>Chief Business Officer und Forschungsdirektor f\u00fcr Genomische Diagnostik<br>der ibiomics-Gruppe<\/td><\/tr><tr><td><strong>2013<\/strong><\/td><td>Leitender Wissenschaftler als Post-Doktorand&nbsp;an der TH Wildau&nbsp;in der&nbsp;Forschungsgruppe&nbsp;Diagnostische&nbsp;Bioinformatik<\/td><\/tr><tr><td><strong>2012&nbsp;<\/strong>&nbsp;<\/td><td>Promotion in \u201cBioinformatik&nbsp;\/&nbsp;Systembiologie\u201d an der Universit\u00e4t Potsdam&nbsp;&nbsp;<\/td><\/tr><tr><td><strong>11\/2007 &#8211; 12\/2012<\/strong><\/td><td>Promotion (Doktorand)&nbsp;<br>Philips Doktorand (Stipendium) an der TH Wildau, Forschungsgruppe Diagnostische Bioinformatik&nbsp;<br>Thema der Arbeit: Systembiologische Betrachtung der zellul\u00e4ren Antwort nach oxidativer Stresseinwirkung&nbsp;<\/td><\/tr><tr><td><strong>2004 &#8211; 2012<\/strong><\/td><td>Wissenschaftliche&nbsp;Mitarbeit&nbsp;am Max-Planck-Institut&nbsp;f\u00fcr&nbsp;Molekulare&nbsp;Genetik&nbsp;Berlin,&nbsp;Forschungsgruppe&nbsp;Neurochemie&nbsp;unter&nbsp;<br>Leitung&nbsp;von&nbsp;Dr. Diego Walther&nbsp;&nbsp;<\/td><\/tr><tr><td><strong>09\/2005 &#8211; 10\/2007<\/strong><\/td><td>Master of Science&nbsp;(M.Sc.)&nbsp;&nbsp;<br>TH Wildau, Master-Studiengang Biosystemtechnik \/ Bioinformatik; <br>Master Thesis: &#8222;Molekulare Untersuchungen zur Genregulation von TPH2&#8220; angefertigt am Max-Planck-Institut f\u00fcr molekulare Genetik Berlin&nbsp;<\/td><\/tr><tr><td><strong>09\/2002 &#8211; 09\/2005 <\/strong><\/td><td>Bachelor of Science (B.Sc.)&nbsp;<br>TH Wildau, Bachelor-Studiengang&nbsp;Biosystemtechnik&nbsp;\/&nbsp;Bioinformatik;&nbsp;<br>Bachelor Thesis: &#8222;Molekulare&nbsp;Untersuchungen&nbsp;von TPH2-Varianten&nbsp;aus&nbsp;post mortem-Proben&nbsp;psychisch&nbsp;kranker&nbsp;Patienten&#8220;&nbsp;angefertigt&nbsp;am Max-Planck-Institut&nbsp;f\u00fcr&nbsp;molekulare&nbsp;Genetik&nbsp;Berlin&nbsp;<\/td><\/tr><\/tbody><\/table><\/figure>\n\n\n\n<h2 class=\"wp-block-heading\" id=\"h-publikationen\">Publikationen<\/h2>\n\n\n\n<p class=\"literature\"><strong>A roadmap for the generation of benchmarking resources for antimicrobial resistance detection using next generation sequencing.<\/strong> <br>Petrillo M, Fabbri M, Querci M, Van den Eede G, Alm E, Aytan-Aktug D, Capella-Gutierrez S, Carrillo C, Cestaro A, Chan KG, Coque T, Endrullat C, Gut I, <strong>Hammer P<\/strong>, Kay GL, Madec JY, Mather AE, McHardy AC, Naas T, Paracchini V, Peter S, Pightling A, Raffael B, Rossen J, Rupp\u00e9 E, Schlaberg R, Vanneste K, Weber LM, Westh H, Angers-Loustau A; 2021, <em>F1000Research<\/em>, doi: 10.12688\/f1000research.39214.1 <\/p>\n\n\n\n<p class=\"literature\"><strong>The challenges of designing a benchmark strategy for bioinformatics pipelines in the identification of antimicrobial resistance determinants using next generation sequencing technologies.<\/strong> <br>Angers-Loustau A, Petrillo M, Bengtsson-Palme J, Berendonk T, Blais B, Chan KG, Coque TM, <strong>Hammer P<\/strong>, He\u00df S, Kagkli DM, Krumbiegel C, Lanza VF, Madec JY, Naas T, O\u2018Grady J, Paracchini V, Rossen JWA, Rupp\u00e9 E, Vamathevan J, Venturi V, Van den Eede G; 2018, <em>F1000Research<\/em>, doi: 10.12688\/f1000research.14509.2 <\/p>\n\n\n\n<p class=\"literature\"><strong>Diet Type, Antibiotic Intake and Gut Microbiota: A Lesson from a Large Cross-Sectional Study. <\/strong> <br>Philipp Franke, Carsten Krumbiegel, Benjamin Girke, <strong>Paul Hammer<\/strong>, Marcus Frohme, Tewodros Debebe; 2019, <em>Archive of the International Society of Microbiota<\/em> <\/p>\n\n\n\n<p class=\"literature\"><strong>DER DARMKOMPASS \u2013 Alles, was man \u00fcber den untersch\u00e4tzten Darm wissen muss. <\/strong> <br><strong>Paul Hammer<\/strong>; 2020, Verlag <em>FORUM VIA SANITAS<\/em>, ISBN: 978-3-200-06876-6  <\/p>\n\n\n\n<p class=\"literature\"><strong>mRNA-seq with agnostic splice site discovery for nervous system transcriptomics tested in chronic pain.<\/strong> <br><strong>Hammer, P<\/strong>., Banck, M.S., Amberg, R., Wang, C., Petznick, G., Luo, S., Khrebtukova, I., Schroth, G.P., Beyerlein, P., and Beutler, A.S. (2010).. <em>Genome Research<\/em>, <em>20<\/em>, 847\u2013860.  <br> <\/p>\n\n\n\n<p class=\"literature\"><strong>Alternative splicing and extensive RNA editing of human TPH2 transcripts.<\/strong> <br>Grohmann, M., <strong>Hammer, P<\/strong>., Walther, M., Paulmann, N., B\u00fcttner, A., Eisenmenger, W., Baghai, T.C., Sch\u00fcle, C., Rupprecht, R., Bader, M., et al. (2010).<strong>. <\/strong><em>PLoS ONE<\/em>, <em>5<\/em>, e8956.  <br> <\/p>\n\n\n\n<p class=\"literature\"><strong>On the mutual information between interaction perplexity and function of proteins<\/strong> <br>Tscherneck, S., Strunk, S., Schmidt, C., <strong>Hammer, P<\/strong>., Amberg, R., Chong Wang, Gillert, R., Krause, A., Petznick, G., and Beyerlein, P. (2009), <em>IEEE GENSIPS<\/em>, pp. 1\u20134.  <br> <\/p>\n\n\n\n<p class=\"literature\"><strong>Allosteric interaction of rapid delayed rectifier protein and its role in cardiac repolarization.<\/strong> <br>Wang, C., Beyerlein, P., <strong>Hammer, P<\/strong>., Krause, A., Nugent, C., and Dubitzky, W. (2008). <em>IEEE Computers in Cardiology<\/em>, pp. 589\u2013592. <\/p>\n\n\n\n<h2 class=\"wp-block-heading\" id=\"h-pr-sentationen-und-vortr-ge\"><strong>Pr\u00e4sentationen und Vortr\u00e4ge<\/strong><\/h2>\n\n\n\n<ul class=\"wp-block-list\"><li>NOAH&nbsp;Konferenz&nbsp;2019 Berlin&nbsp;&nbsp;<\/li><li>Innovation Food Camp 2019 Hamburg&nbsp;&nbsp;<\/li><li><a href=\"https:\/\/panoptikum.io\/episodes\/4874098\" target=\"_blank\" rel=\"noreferrer noopener nofollow\">Podcast \u201eGes\u00fcnder&nbsp;mit&nbsp;praktischer&nbsp;Medizin\u201c<\/a>&nbsp;mit&nbsp;<a href=\"https:\/\/panoptikum.io\/episodes\/4874091\" target=\"_blank\" rel=\"noreferrer noopener nofollow\">Prof. Dr. Harald Schmidt<\/a>&nbsp;&nbsp;<\/li><li><a href=\"https:\/\/open.spotify.com\/episode\/2YJ4m8XqRylFOR1yMm7cAx?si=SOiA9BNdT62zoMaji6RHVg&amp;dl_branch=1\" target=\"_blank\" rel=\"noreferrer noopener nofollow\">E-Health Pioneers Podcast<\/a>&nbsp;&nbsp;<\/li><li><a href=\"https:\/\/open.spotify.com\/episode\/1fNMvsWOKTmPtG5bNPYZ6q?si=39e87a75650f4a0d\" target=\"_blank\" rel=\"noreferrer noopener nofollow\">Podcast&nbsp;\u00dcberdosis&nbsp;Digital<\/a>&nbsp;&nbsp;<\/li><li><a href=\"https:\/\/open.spotify.com\/episode\/47pxMaBUXUFO6AbCIDreCH?si=HrMsphmRSmKeTQgFHxvHRg&amp;dl_branch=1\" target=\"_blank\" rel=\"noreferrer noopener nofollow\">Forever Young &#8211; Der&nbsp;Gesundheitspodcast<\/a>&nbsp;&nbsp;<\/li><li>Nutrition Tech Entrepreneur and Digital Strategist Podcast&nbsp;&nbsp;<\/li><li>XpoMet&nbsp;2019 Berlin&nbsp;&nbsp;<\/li><li>Hauptstadtkongress&nbsp;Medizin&nbsp;und Gesundheit 2018 Berlin&nbsp;&nbsp;<\/li><li>Entrepreneurship and Communication 2018 Wildau&nbsp;&nbsp;<\/li><li>International Biotech Innovation Days 2018&nbsp;Senftenberg&nbsp;&nbsp;<\/li><li>Future Medicine&nbsp;Tagesspiegel&nbsp;2018 Berlin&nbsp;&nbsp;<\/li><li>DIGITAL 2018 K\u00f6ln&nbsp;&nbsp;<\/li><li>BioBilanz&nbsp;2018 Berlin&nbsp;<\/li><\/ul>\n\n\n\n<h2 class=\"wp-block-heading\" id=\"h-auszeichnungen-und-awards\"><strong>Auszeichnungen und Awards<\/strong>&nbsp;<\/h2>\n\n\n\n<ol class=\"wp-block-list\"><li>EXIST Gr\u00fcnderstipendium des Deutschen Bundesministeriums f\u00fcr Wirtschaft und Energie im Mai 2017&nbsp;<\/li><li>Jerusalem Competition der 9. Berliner Start-Up-Night&nbsp;2018&nbsp;<\/li><li>Berlin&nbsp;Pitch&nbsp;Marathon&nbsp;2019, Bundesverband Deutsche Startups e.V.&nbsp;<\/li><\/ol>\n\n\n\n<p><\/p>\n","protected":false},"excerpt":{"rendered":"<p>CEO &#038; FounderDr. Paul Hammer Dr. Paul Hammer ist als Gr\u00fcnder und CEO der Vision\u00e4r von BIOMES. 2012 promovierte er an der Naturwissenschaftlichen Fakult\u00e4t der Universit\u00e4t Potsdam in Systembiologie und Bioinformatik. Seine Mission ist der Technologietransfer von innovativen und pr\u00e4zisen medizinischen Anwendungen in den Gesundheitsmarkt mit dem Ziel der Verbesserung von Gesundheit und Wohlbefinden des [&#8230;]<\/p>\n","protected":false},"author":3168,"featured_media":0,"parent":0,"menu_order":0,"comment_status":"closed","ping_status":"closed","template":"","meta":{"_acf_changed":false,"footnotes":""},"class_list":["post-507532","page","type-page","status-publish","hentry"],"acf":[],"yoast_head":"<!-- This site is optimized with the Yoast SEO plugin v27.4 - https:\/\/yoast.com\/product\/yoast-seo-wordpress\/ -->\n<title>Expertenprofil Dr. Paul Hammer - BIOMES - Feel better<\/title>\n<meta name=\"description\" content=\"Der Gr\u00fcnder und CEO der Vision\u00e4r von BIOMES. Naturwissenschaftlichen Fakult\u00e4t der Uni Potsdam in Systembiologie und Bioinformatik.\" \/>\n<meta name=\"robots\" content=\"index, follow, max-snippet:-1, max-image-preview:large, max-video-preview:-1\" \/>\n<link rel=\"canonical\" href=\"https:\/\/biomes.world\/de\/expertenprofil\/dr-paul-hammer\/\" \/>\n<meta property=\"og:locale\" content=\"de_DE\" \/>\n<meta property=\"og:type\" content=\"article\" \/>\n<meta property=\"og:title\" content=\"Expertenprofil Dr. Paul Hammer - BIOMES - Feel better\" \/>\n<meta property=\"og:description\" content=\"Der Gr\u00fcnder und CEO der Vision\u00e4r von BIOMES. Naturwissenschaftlichen Fakult\u00e4t der Uni Potsdam in Systembiologie und Bioinformatik.\" \/>\n<meta property=\"og:url\" content=\"https:\/\/biomes.world\/de\/expertenprofil\/dr-paul-hammer\/\" \/>\n<meta property=\"og:site_name\" content=\"BIOMES - Feel better\" \/>\n<meta property=\"article:publisher\" content=\"https:\/\/de-de.facebook.com\/BIOMES.world\/\" \/>\n<meta property=\"article:modified_time\" content=\"2021-09-27T13:24:12+00:00\" \/>\n<meta name=\"twitter:card\" content=\"summary_large_image\" \/>\n<meta name=\"twitter:label1\" content=\"Gesch\u00e4tzte Lesezeit\" \/>\n\t<meta name=\"twitter:data1\" content=\"3\u00a0Minuten\" \/>\n<script type=\"application\/ld+json\" class=\"yoast-schema-graph\">{\"@context\":\"https:\\\/\\\/schema.org\",\"@graph\":[{\"@type\":\"WebPage\",\"@id\":\"https:\\\/\\\/biomes.world\\\/de\\\/expertenprofil\\\/dr-paul-hammer\\\/\",\"url\":\"https:\\\/\\\/biomes.world\\\/de\\\/expertenprofil\\\/dr-paul-hammer\\\/\",\"name\":\"Expertenprofil Dr. Paul Hammer - BIOMES - Feel better\",\"isPartOf\":{\"@id\":\"https:\\\/\\\/biomes.world\\\/de\\\/#website\"},\"datePublished\":\"2021-06-03T14:18:26+00:00\",\"dateModified\":\"2021-09-27T13:24:12+00:00\",\"description\":\"Der Gr\u00fcnder und CEO der Vision\u00e4r von BIOMES. Naturwissenschaftlichen Fakult\u00e4t der Uni Potsdam in Systembiologie und Bioinformatik.\",\"breadcrumb\":{\"@id\":\"https:\\\/\\\/biomes.world\\\/de\\\/expertenprofil\\\/dr-paul-hammer\\\/#breadcrumb\"},\"inLanguage\":\"de\",\"potentialAction\":[{\"@type\":\"ReadAction\",\"target\":[\"https:\\\/\\\/biomes.world\\\/de\\\/expertenprofil\\\/dr-paul-hammer\\\/\"]}]},{\"@type\":\"BreadcrumbList\",\"@id\":\"https:\\\/\\\/biomes.world\\\/de\\\/expertenprofil\\\/dr-paul-hammer\\\/#breadcrumb\",\"itemListElement\":[{\"@type\":\"ListItem\",\"position\":1,\"name\":\"Home\",\"item\":\"https:\\\/\\\/biomes.world\\\/de\\\/\"},{\"@type\":\"ListItem\",\"position\":2,\"name\":\"Expertenprofil Dr. Paul Hammer\"}]},{\"@type\":\"WebSite\",\"@id\":\"https:\\\/\\\/biomes.world\\\/de\\\/#website\",\"url\":\"https:\\\/\\\/biomes.world\\\/de\\\/\",\"name\":\"BIOMES - Feel better\",\"description\":\"Cutting-edge biotechnology used to help people\",\"publisher\":{\"@id\":\"https:\\\/\\\/biomes.world\\\/de\\\/#organization\"},\"potentialAction\":[{\"@type\":\"SearchAction\",\"target\":{\"@type\":\"EntryPoint\",\"urlTemplate\":\"https:\\\/\\\/biomes.world\\\/de\\\/?s={search_term_string}\"},\"query-input\":{\"@type\":\"PropertyValueSpecification\",\"valueRequired\":true,\"valueName\":\"search_term_string\"}}],\"inLanguage\":\"de\"},{\"@type\":\"Organization\",\"@id\":\"https:\\\/\\\/biomes.world\\\/de\\\/#organization\",\"name\":\"BIOMES 4.0 GmbH\",\"url\":\"https:\\\/\\\/biomes.world\\\/de\\\/\",\"logo\":{\"@type\":\"ImageObject\",\"inLanguage\":\"de\",\"@id\":\"https:\\\/\\\/biomes.world\\\/de\\\/#\\\/schema\\\/logo\\\/image\\\/\",\"url\":\"https:\\\/\\\/biomes.world\\\/http:\\\/\\\/biomes.world\\\/wp-content\\\/uploads\\\/2024\\\/04\\\/biomes_logo_2021_RGB.png\",\"contentUrl\":\"https:\\\/\\\/biomes.world\\\/http:\\\/\\\/biomes.world\\\/wp-content\\\/uploads\\\/2024\\\/04\\\/biomes_logo_2021_RGB.png\",\"width\":10040,\"height\":2599,\"caption\":\"BIOMES 4.0 GmbH\"},\"image\":{\"@id\":\"https:\\\/\\\/biomes.world\\\/de\\\/#\\\/schema\\\/logo\\\/image\\\/\"},\"sameAs\":[\"https:\\\/\\\/de-de.facebook.com\\\/BIOMES.world\\\/\",\"https:\\\/\\\/www.youtube.com\\\/@BIOMESworld\",\"https:\\\/\\\/www.instagram.com\\\/biomes_official\\\/\"]}]}<\/script>\n<!-- \/ Yoast SEO plugin. -->","yoast_head_json":{"title":"Expertenprofil Dr. Paul Hammer - BIOMES - Feel better","description":"Der Gr\u00fcnder und CEO der Vision\u00e4r von BIOMES. Naturwissenschaftlichen Fakult\u00e4t der Uni Potsdam in Systembiologie und Bioinformatik.","robots":{"index":"index","follow":"follow","max-snippet":"max-snippet:-1","max-image-preview":"max-image-preview:large","max-video-preview":"max-video-preview:-1"},"canonical":"https:\/\/biomes.world\/de\/expertenprofil\/dr-paul-hammer\/","og_locale":"de_DE","og_type":"article","og_title":"Expertenprofil Dr. Paul Hammer - BIOMES - Feel better","og_description":"Der Gr\u00fcnder und CEO der Vision\u00e4r von BIOMES. Naturwissenschaftlichen Fakult\u00e4t der Uni Potsdam in Systembiologie und Bioinformatik.","og_url":"https:\/\/biomes.world\/de\/expertenprofil\/dr-paul-hammer\/","og_site_name":"BIOMES - Feel better","article_publisher":"https:\/\/de-de.facebook.com\/BIOMES.world\/","article_modified_time":"2021-09-27T13:24:12+00:00","twitter_card":"summary_large_image","twitter_misc":{"Gesch\u00e4tzte Lesezeit":"3\u00a0Minuten"},"schema":{"@context":"https:\/\/schema.org","@graph":[{"@type":"WebPage","@id":"https:\/\/biomes.world\/de\/expertenprofil\/dr-paul-hammer\/","url":"https:\/\/biomes.world\/de\/expertenprofil\/dr-paul-hammer\/","name":"Expertenprofil Dr. Paul Hammer - BIOMES - Feel better","isPartOf":{"@id":"https:\/\/biomes.world\/de\/#website"},"datePublished":"2021-06-03T14:18:26+00:00","dateModified":"2021-09-27T13:24:12+00:00","description":"Der Gr\u00fcnder und CEO der Vision\u00e4r von BIOMES. Naturwissenschaftlichen Fakult\u00e4t der Uni Potsdam in Systembiologie und Bioinformatik.","breadcrumb":{"@id":"https:\/\/biomes.world\/de\/expertenprofil\/dr-paul-hammer\/#breadcrumb"},"inLanguage":"de","potentialAction":[{"@type":"ReadAction","target":["https:\/\/biomes.world\/de\/expertenprofil\/dr-paul-hammer\/"]}]},{"@type":"BreadcrumbList","@id":"https:\/\/biomes.world\/de\/expertenprofil\/dr-paul-hammer\/#breadcrumb","itemListElement":[{"@type":"ListItem","position":1,"name":"Home","item":"https:\/\/biomes.world\/de\/"},{"@type":"ListItem","position":2,"name":"Expertenprofil Dr. Paul Hammer"}]},{"@type":"WebSite","@id":"https:\/\/biomes.world\/de\/#website","url":"https:\/\/biomes.world\/de\/","name":"BIOMES - Feel better","description":"Cutting-edge biotechnology used to help people","publisher":{"@id":"https:\/\/biomes.world\/de\/#organization"},"potentialAction":[{"@type":"SearchAction","target":{"@type":"EntryPoint","urlTemplate":"https:\/\/biomes.world\/de\/?s={search_term_string}"},"query-input":{"@type":"PropertyValueSpecification","valueRequired":true,"valueName":"search_term_string"}}],"inLanguage":"de"},{"@type":"Organization","@id":"https:\/\/biomes.world\/de\/#organization","name":"BIOMES 4.0 GmbH","url":"https:\/\/biomes.world\/de\/","logo":{"@type":"ImageObject","inLanguage":"de","@id":"https:\/\/biomes.world\/de\/#\/schema\/logo\/image\/","url":"https:\/\/biomes.world\/http:\/\/biomes.world\/wp-content\/uploads\/2024\/04\/biomes_logo_2021_RGB.png","contentUrl":"https:\/\/biomes.world\/http:\/\/biomes.world\/wp-content\/uploads\/2024\/04\/biomes_logo_2021_RGB.png","width":10040,"height":2599,"caption":"BIOMES 4.0 GmbH"},"image":{"@id":"https:\/\/biomes.world\/de\/#\/schema\/logo\/image\/"},"sameAs":["https:\/\/de-de.facebook.com\/BIOMES.world\/","https:\/\/www.youtube.com\/@BIOMESworld","https:\/\/www.instagram.com\/biomes_official\/"]}]}},"_links":{"self":[{"href":"https:\/\/biomes.world\/de\/wp-json\/wp\/v2\/pages\/507532","targetHints":{"allow":["GET"]}}],"collection":[{"href":"https:\/\/biomes.world\/de\/wp-json\/wp\/v2\/pages"}],"about":[{"href":"https:\/\/biomes.world\/de\/wp-json\/wp\/v2\/types\/page"}],"author":[{"embeddable":true,"href":"https:\/\/biomes.world\/de\/wp-json\/wp\/v2\/users\/3168"}],"replies":[{"embeddable":true,"href":"https:\/\/biomes.world\/de\/wp-json\/wp\/v2\/comments?post=507532"}],"version-history":[{"count":0,"href":"https:\/\/biomes.world\/de\/wp-json\/wp\/v2\/pages\/507532\/revisions"}],"wp:attachment":[{"href":"https:\/\/biomes.world\/de\/wp-json\/wp\/v2\/media?parent=507532"}],"curies":[{"name":"wp","href":"https:\/\/api.w.org\/{rel}","templated":true}]}}