{"id":150479,"date":"2019-04-01T19:40:04","date_gmt":"2019-04-01T17:40:04","guid":{"rendered":"http:\/\/biomes.world\/?page_id=150479"},"modified":"2023-08-29T08:49:32","modified_gmt":"2023-08-29T06:49:32","slug":"presse","status":"publish","type":"page","link":"https:\/\/biomes.world\/de\/presse","title":{"rendered":"Presse"},"content":{"rendered":"<div id=\"stage-block_5f7f404489a690f041fdb7c0363955b4\" class=\"stage stage--entry\">\n    <div class=\"stage__media\">\n        <img loading=\"lazy\" decoding=\"async\" width=\"1600\" height=\"650\" src=\"https:\/\/biomes.world\/wp-content\/uploads\/2021\/06\/Depositphotos_235063568_l-2015-1600x650.jpg\" class=\"attachment-post-header size-post-header\" alt=\"Presse Interview\" srcset=\"https:\/\/biomes.world\/wp-content\/uploads\/2021\/06\/Depositphotos_235063568_l-2015-300x200.jpg 300w, https:\/\/biomes.world\/wp-content\/uploads\/2021\/06\/Depositphotos_235063568_l-2015-1024x682.jpg 1024w, https:\/\/biomes.world\/wp-content\/uploads\/2021\/06\/Depositphotos_235063568_l-2015-768x512.jpg 768w, https:\/\/biomes.world\/wp-content\/uploads\/2021\/06\/Depositphotos_235063568_l-2015-1536x1024.jpg 1536w, https:\/\/biomes.world\/wp-content\/uploads\/2021\/06\/Depositphotos_235063568_l-2015-1440x960.jpg 1440w, https:\/\/biomes.world\/wp-content\/uploads\/2021\/06\/Depositphotos_235063568_l-2015-250x167.jpg 250w, https:\/\/biomes.world\/wp-content\/uploads\/2021\/06\/Depositphotos_235063568_l-2015.jpg 2000w\" sizes=\"auto, (max-width: 30em) 100vw, (max-width: 48em) 100vw, (max-width: 62em) 100vw, (max-width: 75em) 100vw, 1400px\" \/>    <\/div>\n    <div class=\"stage__header stage__header--entry\">\n        <div class=\"stage__col column\">\n            <h1 class=\"stage__title stage__title--entry\">\n                <span>BIOMES<\/span>\n                Pressemeldungen            <\/h1>\n            \n\n<p>Wir von <strong>BIOMES<\/strong> m\u00f6chten allen Menschen Zugang zu Hochtechnologien erm\u00f6glichen. Wissenschaft ist unser Fundament. Lernen Sie uns kennen.<\/p>\n\n        <\/div>\n    <\/div>\n<\/div>\n\n\n\n<div class=\"post__entries site-block site-blockspace--bottom\"><div class=\"lg-up-3 md-up-2 xs-up-1 row\"><div class=\"post__item post column\"><div class=\"post__content\"><a href=\"https:\/\/biomes.world\/de\/presseportal\/neuer-darmfloratest-fuer-hunde\/\" class=\"post__thumbnail\" tabindex=\"0\"><img loading=\"lazy\" decoding=\"async\" width=\"800\" height=\"470\" src=\"https:\/\/biomes.world\/wp-content\/uploads\/2023\/06\/iStock-1137398995-1-800x470.jpg\" class=\"attachment-post-thumbnail size-post-thumbnail wp-post-image\" alt=\"Bildbeschreibung\" srcset=\"https:\/\/biomes.world\/wp-content\/uploads\/2023\/06\/iStock-1137398995-1-800x470.jpg 800w, https:\/\/biomes.world\/wp-content\/uploads\/2023\/06\/iStock-1137398995-1-400x235.jpg 400w\" sizes=\"auto, (max-width: 800px) 100vw, 800px\" \/><\/a><div class=\"entry\"><div class=\"entry__meta\"><span class=\"meta__posted-on\">Ver\u00f6ffentlicht am <time class=\"meta__date meta__date--published\" datetime=\"2023-06-26T14:58:22+02:00\" itemprop=\"datePublished\">26. Juni 2023<\/time><time class=\"meta__date--updated\" datetime=\"2023-06-26T14:58:28+02:00\" itemprop=\"dateModified\"><\/time><\/span><\/div><div class=\"entry__header\"><div class=\"entry__title h2\"><a href=\"https:\/\/biomes.world\/de\/presseportal\/neuer-darmfloratest-fuer-hunde\/\">Neuer Darmfloratest f\u00fcr Hunde<\/a><\/div><\/div><\/div><\/div><\/div><div class=\"post__item post column\"><div class=\"post__content\"><a href=\"https:\/\/biomes.world\/de\/presseportal\/kindliche-darmflora-besonders-anfaellig-fuer-krankeitserreger\/\" class=\"post__thumbnail\" tabindex=\"0\"><img loading=\"lazy\" decoding=\"async\" width=\"800\" height=\"470\" src=\"https:\/\/biomes.world\/wp-content\/uploads\/2023\/04\/Mutter_mit_Sohn_See-pr-scaled-800x470.jpg\" class=\"attachment-post-thumbnail size-post-thumbnail wp-post-image\" alt=\"Bildbeschreibung\" srcset=\"https:\/\/biomes.world\/wp-content\/uploads\/2023\/04\/Mutter_mit_Sohn_See-pr-scaled-800x470.jpg 800w, https:\/\/biomes.world\/wp-content\/uploads\/2023\/04\/Mutter_mit_Sohn_See-pr-scaled-400x235.jpg 400w\" sizes=\"auto, (max-width: 800px) 100vw, 800px\" \/><\/a><div class=\"entry\"><div class=\"entry__meta\"><span class=\"meta__posted-on\">Ver\u00f6ffentlicht am <time class=\"meta__date meta__date--published\" datetime=\"2023-04-13T17:10:44+02:00\" itemprop=\"datePublished\">13. April 2023<\/time><time class=\"meta__date--updated\" datetime=\"2023-04-13T17:10:58+02:00\" itemprop=\"dateModified\"><\/time><\/span><\/div><div class=\"entry__header\"><div class=\"entry__title h2\"><a href=\"https:\/\/biomes.world\/de\/presseportal\/kindliche-darmflora-besonders-anfaellig-fuer-krankeitserreger\/\">Kindliche Darmflora besonders anf\u00e4llig f\u00fcr Krankeitserreger<\/a><\/div><\/div><\/div><\/div><\/div><div class=\"post__item post column\"><div class=\"post__content\"><a href=\"https:\/\/biomes.world\/de\/presseportal\/gesunder-darm-gesunder-schlaf\/\" class=\"post__thumbnail\" tabindex=\"0\"><img loading=\"lazy\" decoding=\"async\" width=\"800\" height=\"470\" src=\"https:\/\/biomes.world\/wp-content\/uploads\/2021\/08\/Schlaf_Copyright-Unsplash-Damir-Spanic-800x470.jpg\" class=\"attachment-post-thumbnail size-post-thumbnail wp-post-image\" alt=\"Gesunder Darm, gesunder Schlaf?\" srcset=\"https:\/\/biomes.world\/wp-content\/uploads\/2021\/08\/Schlaf_Copyright-Unsplash-Damir-Spanic-800x470.jpg 800w, https:\/\/biomes.world\/wp-content\/uploads\/2021\/08\/Schlaf_Copyright-Unsplash-Damir-Spanic-400x235.jpg 400w\" sizes=\"auto, (max-width: 800px) 100vw, 800px\" \/><\/a><div class=\"entry\"><div class=\"entry__meta\"><span class=\"meta__posted-on\">Ver\u00f6ffentlicht am <time class=\"meta__date meta__date--published\" datetime=\"2021-08-31T10:32:10+02:00\" itemprop=\"datePublished\">31. August 2021<\/time><time class=\"meta__date--updated\" datetime=\"2023-03-02T12:16:07+01:00\" itemprop=\"dateModified\"><\/time><\/span><\/div><div class=\"entry__header\"><div class=\"entry__title h2\"><a href=\"https:\/\/biomes.world\/de\/presseportal\/gesunder-darm-gesunder-schlaf\/\">Gesunder Darm, gesunder Schlaf?<\/a><\/div><\/div><\/div><\/div><\/div><div class=\"post__item post column\"><div class=\"post__content\"><a href=\"https:\/\/biomes.world\/de\/presseportal\/bundeskanzlerkandidat-olaf-scholz-besucht-brandenburger-biotechnologie-start-up-biomes\/\" class=\"post__thumbnail\" tabindex=\"0\"><img loading=\"lazy\" decoding=\"async\" width=\"800\" height=\"470\" src=\"https:\/\/biomes.world\/wp-content\/uploads\/2021\/08\/DSC09291-800x470.jpg\" class=\"attachment-post-thumbnail size-post-thumbnail wp-post-image\" alt=\"Bildbeschreibung\" srcset=\"https:\/\/biomes.world\/wp-content\/uploads\/2021\/08\/DSC09291-800x470.jpg 800w, https:\/\/biomes.world\/wp-content\/uploads\/2021\/08\/DSC09291-400x235.jpg 400w\" sizes=\"auto, (max-width: 800px) 100vw, 800px\" \/><\/a><div class=\"entry\"><div class=\"entry__meta\"><span class=\"meta__posted-on\">Ver\u00f6ffentlicht am <time class=\"meta__date meta__date--published\" datetime=\"2021-08-20T11:24:13+02:00\" itemprop=\"datePublished\">20. August 2021<\/time><time class=\"meta__date--updated\" datetime=\"2023-05-05T11:12:36+02:00\" itemprop=\"dateModified\"><\/time><\/span><\/div><div class=\"entry__header\"><div class=\"entry__title h2\"><a href=\"https:\/\/biomes.world\/de\/presseportal\/bundeskanzlerkandidat-olaf-scholz-besucht-brandenburger-biotechnologie-start-up-biomes\/\">Bundeskanzlerkandidat Olaf Scholz besucht Brandenburger Biotechnologie-Start-Up BIOMES<\/a><\/div><\/div><\/div><\/div><\/div><div class=\"post__item post column\"><div class=\"post__content\"><a href=\"https:\/\/biomes.world\/de\/presseportal\/veggie-boom-wie-gesund-ist-fleischlos-wirklich\/\" class=\"post__thumbnail\" tabindex=\"0\"><img loading=\"lazy\" decoding=\"async\" width=\"800\" height=\"470\" src=\"https:\/\/biomes.world\/wp-content\/uploads\/2021\/07\/gemueseauflauf_mit_vollkornpenne-800x470.jpg\" class=\"attachment-post-thumbnail size-post-thumbnail wp-post-image\" alt=\"Bildbeschreibung\" srcset=\"https:\/\/biomes.world\/wp-content\/uploads\/2021\/07\/gemueseauflauf_mit_vollkornpenne-800x470.jpg 800w, https:\/\/biomes.world\/wp-content\/uploads\/2021\/07\/gemueseauflauf_mit_vollkornpenne-400x235.jpg 400w\" sizes=\"auto, (max-width: 800px) 100vw, 800px\" \/><\/a><div class=\"entry\"><div class=\"entry__meta\"><span class=\"meta__posted-on\">Ver\u00f6ffentlicht am <time class=\"meta__date meta__date--published\" datetime=\"2021-07-28T10:00:26+02:00\" itemprop=\"datePublished\">28. Juli 2021<\/time><time class=\"meta__date--updated\" datetime=\"2022-08-08T13:34:03+02:00\" itemprop=\"dateModified\"><\/time><\/span><\/div><div class=\"entry__header\"><div class=\"entry__title h2\"><a href=\"https:\/\/biomes.world\/de\/presseportal\/veggie-boom-wie-gesund-ist-fleischlos-wirklich\/\">Veggie-Boom: Wie gesund ist fleischlos wirklich?<\/a><\/div><\/div><\/div><\/div><\/div><div class=\"post__item post column\"><div class=\"post__content\"><a href=\"https:\/\/biomes.world\/de\/presseportal\/umfrage-zeig-veraenderungen-waehrend-corona-pandemie\/\" class=\"post__thumbnail\" tabindex=\"0\"><img loading=\"lazy\" decoding=\"async\" width=\"800\" height=\"470\" src=\"https:\/\/biomes.world\/wp-content\/uploads\/2021\/06\/Depositphotos_167636164_s-2019-800x470.jpg\" class=\"attachment-post-thumbnail size-post-thumbnail wp-post-image\" alt=\"\u00dcbersicht: Fr\u00fchst\u00fcck mit gesundem Essen am Tisch.\" srcset=\"https:\/\/biomes.world\/wp-content\/uploads\/2021\/06\/Depositphotos_167636164_s-2019-800x470.jpg 800w, https:\/\/biomes.world\/wp-content\/uploads\/2021\/06\/Depositphotos_167636164_s-2019-400x235.jpg 400w\" sizes=\"auto, (max-width: 800px) 100vw, 800px\" \/><\/a><div class=\"entry\"><div class=\"entry__meta\"><span class=\"meta__posted-on\">Ver\u00f6ffentlicht am <time class=\"meta__date meta__date--published\" datetime=\"2021-06-29T10:55:13+02:00\" itemprop=\"datePublished\">29. Juni 2021<\/time><time class=\"meta__date--updated\" datetime=\"2023-03-02T12:13:49+01:00\" itemprop=\"dateModified\"><\/time><\/span><\/div><div class=\"entry__header\"><div class=\"entry__title h2\"><a href=\"https:\/\/biomes.world\/de\/presseportal\/umfrage-zeig-veraenderungen-waehrend-corona-pandemie\/\">Umfrage zeigt: Jede*r Dritte nahm w\u00e4hrend der Corona Pandemie zu, ebenso viele stellten die eigene Ern\u00e4hrung um<\/a><\/div><\/div><\/div><\/div><\/div><\/div><div class=\"site-blockspace--both text-center row\"><div class=\"column\"><button class=\"wp-block-button__link post__loadmore\" data-limit=\"6\" data-slug=\"presseportal\" data-hide-excerpt=\"1\">Mehr Artikel lesen<\/button><\/div><\/div><\/div>\n\n\n<div id=\"fullpic-block_740268eadc73248780ad097eff6cf6f6\" class=\"fullpic fullpic--reverse site-block\" style=\"background-color: #F5F5F5;\">\n    <div class=\"fullpic__media\" data-slick='{ \"autoplaySpeed\": 6000, \"speed\": 3000 }'>\n        <div><img decoding=\"async\" src=\"https:\/\/biomes.world\/wp-content\/uploads\/2021\/07\/creative-presse_CTA-1600x650.jpg\" alt=\"\" srcset=\"https:\/\/biomes.world\/wp-content\/uploads\/2021\/07\/creative-presse_CTA-300x156.jpg 300w, https:\/\/biomes.world\/wp-content\/uploads\/2021\/07\/creative-presse_CTA-1024x532.jpg 1024w, https:\/\/biomes.world\/wp-content\/uploads\/2021\/07\/creative-presse_CTA-768x399.jpg 768w, https:\/\/biomes.world\/wp-content\/uploads\/2021\/07\/creative-presse_CTA-1536x798.jpg 1536w, https:\/\/biomes.world\/wp-content\/uploads\/2021\/07\/creative-presse_CTA-250x130.jpg 250w, https:\/\/biomes.world\/wp-content\/uploads\/2021\/07\/creative-presse_CTA.jpg 1600w\" sizes=\"(max-width: 30em) 100vw, (max-width: 48em) 100vw, (max-width: 62em) 100vw, (max-width: 75em) 100vw, 1600px\"><\/div>    <\/div>\n    <div class=\"fullpic__content\">\n        <div class=\"fullpic__col column\">\n            <div class=\"fullpic__title h1\"><span>Download<\/span>Laden Sie unser Pressematerial herunter<\/div><div>\n\n<p>Wir haben f\u00fcr Sie ein ausf\u00fchrliches Presse-Kit zusammengestellt, das Informationen \u00fcber <strong>BIOMES<\/strong>, das Produkt<strong> INTEST.<\/strong>pro sowie Fotos von unseres Labors, unserer Produkte und Gr\u00fcnder*innen enth\u00e4lt. Sollten Sie weitere Informationen ben\u00f6tigen, schreiben Sie unser PR Agentur \u201eTower PR\u201c unter <\/p>\n\n\n\n<p><a href=\"mailto:biomes@tower-pr.com\">biomes@tower-pr.com<\/a><\/p>\n\n<\/div><a href=\"https:\/\/biomesngs.sharepoint.com\/:f:\/s\/SharingHub\/EkO4pqAoUllOv7cDiuzGms4B5I4Mn8cNBeNflzDlcasGyQ?e=J6sNZe\" target=\"\" class=\"wp-block-button__link \">Pressematerial herunterladen<\/a> <a href=\"https:\/\/www.youtube.com\/channel\/UCccSxYrEzSafryAJ_8LvTWw\" target=\"\" class=\"wp-block-button__link wp-block-button__link--hollow\">BIOMES Videos<\/a>        <\/div>\n    <\/div>\n    <\/div>\n    \n\n<div id=\"teaser-posts-block_f3921c17d631f84dd4e9382470e9f9a3\" class=\"post__entries site-block\">\n    <div class=\"post__slide xs-up-1 md-up-2 lg-up-3 row\">\n                                <div class=\"post__item post column\">\n                <div class=\"post__content\">\n                    <div class=\"post__youtube-wrap\"><a href=\"https:\/\/youtu.be\/FSzOij5fvng\" target=\"_blank\"><div class=\"post__youtube\"><\/div><\/a><a href=\"https:\/\/youtu.be\/FSzOij5fvng\" class=\"post__thumbnail\" tabindex=\"0\"><img loading=\"lazy\" decoding=\"async\" width=\"800\" height=\"470\" src=\"https:\/\/biomes.world\/wp-content\/uploads\/2021\/07\/Thumbnail_Video_1-800x470.jpg\" class=\"attachment-post-thumbnail size-post-thumbnail\" alt=\"Video Thumbnail Youtube Video 1\" srcset=\"https:\/\/biomes.world\/wp-content\/uploads\/2021\/07\/Thumbnail_Video_1-800x470.jpg 800w, https:\/\/biomes.world\/wp-content\/uploads\/2021\/07\/Thumbnail_Video_1-400x235.jpg 400w\" sizes=\"auto, (max-width: 800px) 100vw, 800px\" \/><\/div><\/a>                    <div class=\"entry\">\n                        <div class=\"entry__header\">\n                            <div class=\"entry__title h2\">\n                            <a href=\"https:\/\/youtu.be\/FSzOij5fvng\">Was kann der Darmflora-Test INTEST.pro von BIOMES?<\/a>                            <\/div>\n                        <\/div>\n                                            <\/div>\n                <\/div>\n            <\/div>\n                        <div class=\"post__item post column\">\n                <div class=\"post__content\">\n                    <div class=\"post__youtube-wrap\"><a href=\"https:\/\/youtu.be\/7PtCjEWI-yE\" target=\"_blank\"><div class=\"post__youtube\"><\/div><\/a><a href=\"https:\/\/youtu.be\/7PtCjEWI-yE\" class=\"post__thumbnail\" tabindex=\"0\"><img loading=\"lazy\" decoding=\"async\" width=\"800\" height=\"470\" src=\"https:\/\/biomes.world\/wp-content\/uploads\/2021\/07\/Thumbnail_Video_2-800x470.jpg\" class=\"attachment-post-thumbnail size-post-thumbnail\" alt=\"Video Thumbnail Youtube Video 2\" srcset=\"https:\/\/biomes.world\/wp-content\/uploads\/2021\/07\/Thumbnail_Video_2-800x470.jpg 800w, https:\/\/biomes.world\/wp-content\/uploads\/2021\/07\/Thumbnail_Video_2-400x235.jpg 400w\" sizes=\"auto, (max-width: 800px) 100vw, 800px\" \/><\/div><\/a>                    <div class=\"entry\">\n                        <div class=\"entry__header\">\n                            <div class=\"entry__title h2\">\n                            <a href=\"https:\/\/youtu.be\/7PtCjEWI-yE\">Erfahre mehr \u00fcber den Ablauf des Darmtests INTEST.pro<\/a>                            <\/div>\n                        <\/div>\n                                            <\/div>\n                <\/div>\n            <\/div>\n                        <div class=\"post__item post column\">\n                <div class=\"post__content\">\n                    <div class=\"post__youtube-wrap\"><a href=\"https:\/\/youtu.be\/NFpEhp30euo\" target=\"_blank\"><div class=\"post__youtube\"><\/div><\/a><a href=\"https:\/\/youtu.be\/NFpEhp30euo\" class=\"post__thumbnail\" tabindex=\"0\"><img loading=\"lazy\" decoding=\"async\" width=\"800\" height=\"470\" src=\"https:\/\/biomes.world\/wp-content\/uploads\/2021\/07\/Thumbnail_Video_3-800x470.jpg\" class=\"attachment-post-thumbnail size-post-thumbnail\" alt=\"Video Thumbnail Youtube Video 3\" srcset=\"https:\/\/biomes.world\/wp-content\/uploads\/2021\/07\/Thumbnail_Video_3-800x470.jpg 800w, https:\/\/biomes.world\/wp-content\/uploads\/2021\/07\/Thumbnail_Video_3-400x235.jpg 400w\" sizes=\"auto, (max-width: 800px) 100vw, 800px\" \/><\/div><\/a>                    <div class=\"entry\">\n                        <div class=\"entry__header\">\n                            <div class=\"entry__title h2\">\n                            <a href=\"https:\/\/youtu.be\/NFpEhp30euo\">Warum ist unsere Darmflora so wichtig?<\/a>                            <\/div>\n                        <\/div>\n                                            <\/div>\n                <\/div>\n            <\/div>\n                        <\/div>\n<\/div>\n\n\n\n<h2 class=\"wp-block-heading\" id=\"h-informationen-uber-biomes\">Informationen \u00fcber BIOMES <\/h2>\n\n\n\n<ol class=\"wp-block-list\">\n<li><a href=\"https:\/\/biomes.world\/http:\/\/biomes.world\/wp-content\/uploads\/2021\/06\/Unternehmenstext-BIOMES-NGS-GmbH_final.pdf\" target=\"_blank\" rel=\"noreferrer noopener\">BioTech im Dienst der Menschen<\/a><\/li>\n\n\n\n<li><a href=\"https:\/\/biomes.world\/http:\/\/biomes.world\/wp-content\/uploads\/2021\/06\/Faktenblatt-BIOMES_final.pdf\" target=\"_blank\" rel=\"noreferrer noopener\">Fakten \u00fcber BIOMES<\/a><\/li>\n\n\n\n<li><a href=\"https:\/\/biomes.world\/http:\/\/biomes.world\/wp-content\/uploads\/2021\/06\/Produkttext-BIOMES-1.pdf\" target=\"_blank\" rel=\"noreferrer noopener\">Unser Produkt &#8211; INTEST.pro<\/a><\/li>\n<\/ol>\n\n\n\n<p><\/p>\n\n\n\n<h2 class=\"wp-block-heading\" id=\"h-expertensteckbriefe-zum-download\">Expertensteckbriefe zum Download<\/h2>\n\n\n<div id=\"teaser-block_c8113455290f89fb4b4854990d7f776d\" class=\"wp-block-biomesworld-teaser site-blockspace--both site-block\">\n    <div class=\"wp-block-biomesworld-teaser__row row xs-up-1 md-up-2 lg-up-3\">\n                                    <div class=\"wp-block-biomesworld-teaser__col column\">\n                    <a href=\"https:\/\/biomes.world\/http:\/\/biomes.world\/wp-content\/uploads\/2021\/07\/Steckbrief-Paul.pdf\" class=\"wp-block-biomesworld-teaser__item\">                        <span class=\"wp-block-biomesworld-teaser__media\">\n                            <svg xmlns=\"http:\/\/www.w3.org\/2000\/svg\" viewBox=\"0 0 400 358.6\" preserveAspectRatio=\"xMaxYMax slice\">\n                            <image xlink:href=\"https:\/\/biomes.world\/wp-content\/uploads\/2021\/06\/CEO_Dr._Paul_Hammer_Expertenprofilbild-400x360.png\"  clip-path=\"url(#clip-teaser)\"\/>                                <clipPath id=\"clip-teaser\">\n                                    <path d=\"M277.3,0H122.7c-16.2,0-31.2,8.7-39.3,22.7L6.1,156.6c-8.1,14-8.1,31.3,0,45.4l77.3,133.9 c8.1,14,23.1,22.7,39.3,22.7h154.6c16.2,0,31.2-8.7,39.3-22.7L393.9,202c8.1-14,8.1-31.3,0-45.4L316.6,22.7 C308.5,8.7,293.5,0,277.3,0z\"\/>\n                                <\/clipPath>&#8218;;\n                                                        <\/svg>\n                        <\/span>\n                        <span class=\"wp-block-biomesworld-teaser__text\">\n                            <b>Dr. Paul Hammer<\/b>CEO &#038; Founder                        <\/span>\n                    <\/a>                <\/div>\n                            <div class=\"wp-block-biomesworld-teaser__col column\">\n                    <a href=\"https:\/\/biomes.world\/http:\/\/biomes.world\/wp-content\/uploads\/2021\/07\/Steckbrief-Philip.pdf\" class=\"wp-block-biomesworld-teaser__item\">                        <span class=\"wp-block-biomesworld-teaser__media\">\n                            <svg xmlns=\"http:\/\/www.w3.org\/2000\/svg\" viewBox=\"0 0 400 358.6\" preserveAspectRatio=\"xMaxYMax slice\">\n                            <image xlink:href=\"https:\/\/biomes.world\/wp-content\/uploads\/2021\/06\/Philipp_Expertenprofilbild-400x360.png\"  clip-path=\"url(#clip-teaser)\"\/>                                <clipPath id=\"clip-teaser\">\n                                    <path d=\"M277.3,0H122.7c-16.2,0-31.2,8.7-39.3,22.7L6.1,156.6c-8.1,14-8.1,31.3,0,45.4l77.3,133.9 c8.1,14,23.1,22.7,39.3,22.7h154.6c16.2,0,31.2-8.7,39.3-22.7L393.9,202c8.1-14,8.1-31.3,0-45.4L316.6,22.7 C308.5,8.7,293.5,0,277.3,0z\"\/>\n                                <\/clipPath>&#8218;;\n                                                        <\/svg>\n                        <\/span>\n                        <span class=\"wp-block-biomesworld-teaser__text\">\n                            <b>Philipp Franke<\/b>Head of Laboratory Co-Founder                        <\/span>\n                    <\/a>                <\/div>\n                            <div class=\"wp-block-biomesworld-teaser__col column\">\n                    <a href=\"https:\/\/biomes.world\/http:\/\/biomes.world\/wp-content\/uploads\/2021\/07\/Steckbrief-Tewo.pdf\" class=\"wp-block-biomesworld-teaser__item\">                        <span class=\"wp-block-biomesworld-teaser__media\">\n                            <svg xmlns=\"http:\/\/www.w3.org\/2000\/svg\" viewBox=\"0 0 400 358.6\" preserveAspectRatio=\"xMaxYMax slice\">\n                            <image xlink:href=\"https:\/\/biomes.world\/wp-content\/uploads\/2021\/04\/tewo_web-400x360.jpg\"  clip-path=\"url(#clip-teaser)\"\/>                                <clipPath id=\"clip-teaser\">\n                                    <path d=\"M277.3,0H122.7c-16.2,0-31.2,8.7-39.3,22.7L6.1,156.6c-8.1,14-8.1,31.3,0,45.4l77.3,133.9 c8.1,14,23.1,22.7,39.3,22.7h154.6c16.2,0,31.2-8.7,39.3-22.7L393.9,202c8.1-14,8.1-31.3,0-45.4L316.6,22.7 C308.5,8.7,293.5,0,277.3,0z\"\/>\n                                <\/clipPath>&#8218;;\n                                                        <\/svg>\n                        <\/span>\n                        <span class=\"wp-block-biomesworld-teaser__text\">\n                            <b>Dr. Tewodros Debebe<\/b>Head of Science &#038; Co-Founder                        <\/span>\n                    <\/a>                <\/div>\n                            <div class=\"wp-block-biomesworld-teaser__col column\">\n                    <a href=\"https:\/\/biomes.world\/http:\/\/biomes.world\/wp-content\/uploads\/2021\/07\/Steckbrief-Plamena.pdf\" class=\"wp-block-biomesworld-teaser__item\">                        <span class=\"wp-block-biomesworld-teaser__media\">\n                            <svg xmlns=\"http:\/\/www.w3.org\/2000\/svg\" viewBox=\"0 0 400 358.6\" preserveAspectRatio=\"xMaxYMax slice\">\n                                                            <clipPath id=\"clip-teaser\">\n                                    <path d=\"M277.3,0H122.7c-16.2,0-31.2,8.7-39.3,22.7L6.1,156.6c-8.1,14-8.1,31.3,0,45.4l77.3,133.9 c8.1,14,23.1,22.7,39.3,22.7h154.6c16.2,0,31.2-8.7,39.3-22.7L393.9,202c8.1-14,8.1-31.3,0-45.4L316.6,22.7 C308.5,8.7,293.5,0,277.3,0z\"\/>\n                                <\/clipPath>&#8218;;\n                                                        <\/svg>\n                        <\/span>\n                        <span class=\"wp-block-biomesworld-teaser__text\">\n                            <b>Plamena Dikarlo<\/b>Research &#038; Development                        <\/span>\n                    <\/a>                <\/div>\n                            <div class=\"wp-block-biomesworld-teaser__col column\">\n                    <a href=\"https:\/\/biomes.world\/http:\/\/biomes.world\/wp-content\/uploads\/2021\/07\/Steckbrief-Isabel.pdf\" class=\"wp-block-biomesworld-teaser__item\">                        <span class=\"wp-block-biomesworld-teaser__media\">\n                            <svg xmlns=\"http:\/\/www.w3.org\/2000\/svg\" viewBox=\"0 0 400 358.6\" preserveAspectRatio=\"xMaxYMax slice\">\n                                                            <clipPath id=\"clip-teaser\">\n                                    <path d=\"M277.3,0H122.7c-16.2,0-31.2,8.7-39.3,22.7L6.1,156.6c-8.1,14-8.1,31.3,0,45.4l77.3,133.9 c8.1,14,23.1,22.7,39.3,22.7h154.6c16.2,0,31.2-8.7,39.3-22.7L393.9,202c8.1-14,8.1-31.3,0-45.4L316.6,22.7 C308.5,8.7,293.5,0,277.3,0z\"\/>\n                                <\/clipPath>&#8218;;\n                                                        <\/svg>\n                        <\/span>\n                        <span class=\"wp-block-biomesworld-teaser__text\">\n                            <b>Isabel Dorst<\/b>Innovation Assistant                        <\/span>\n                    <\/a>                <\/div>\n                        <\/div>\n<\/div>\n","protected":false},"excerpt":{"rendered":"<p>Umfrage zeigt: Jede*r Dritte nahm w\u00e4hrend der Corona Pandemie zu, ebenso viele stellten die eigene Ern\u00e4hrung um Wildau, 29. Juni 2021 \u2013 Die Pandemie sorgte neben den COVID-19 Erkrankungen f\u00fcr eine Vielzahl weiterer gesundheitlicher Folgen. 43,9 Prozent der Deutschen klagen \u00fcber schlechtere Stimmung in den vergangenen Monaten und 40,1 Prozent \u00fcber weniger Energie. Das ergibt [&#8230;]<\/p>\n","protected":false},"author":402,"featured_media":0,"parent":500601,"menu_order":0,"comment_status":"closed","ping_status":"closed","template":"","meta":{"_acf_changed":false,"footnotes":""},"class_list":["post-150479","page","type-page","status-publish","hentry"],"acf":[],"yoast_head":"<!-- This site is optimized with the Yoast SEO plugin v27.4 - https:\/\/yoast.com\/product\/yoast-seo-wordpress\/ -->\n<title>Pressemeldungen und Bildmaterial - BIOMES - Feel better<\/title>\n<meta name=\"description\" content=\"Auf unserem Pressespiegel stellen wir einen Auszug aktueller Presseartikel \u00fcber unsere Firma und unsere Produkte vor.\" \/>\n<meta name=\"robots\" content=\"index, follow, max-snippet:-1, max-image-preview:large, max-video-preview:-1\" \/>\n<link rel=\"canonical\" href=\"https:\/\/biomes.world\/de\/presse\/\" \/>\n<meta property=\"og:locale\" content=\"de_DE\" \/>\n<meta property=\"og:type\" content=\"article\" \/>\n<meta property=\"og:title\" content=\"Pressemeldungen und Bildmaterial - BIOMES - Feel better\" \/>\n<meta property=\"og:description\" content=\"Auf unserem Pressespiegel stellen wir einen Auszug aktueller Presseartikel \u00fcber unsere Firma und unsere Produkte vor.\" \/>\n<meta property=\"og:url\" content=\"https:\/\/biomes.world\/de\/presse\" \/>\n<meta property=\"og:site_name\" content=\"BIOMES - Feel better\" \/>\n<meta property=\"article:publisher\" content=\"https:\/\/de-de.facebook.com\/BIOMES.world\/\" \/>\n<meta property=\"article:modified_time\" content=\"2023-08-29T06:49:32+00:00\" \/>\n<meta property=\"og:image\" content=\"http:\/\/biomes.world\/wp-content\/uploads\/2021\/06\/Depositphotos_235063568_l-2015.jpg\" \/>\n\t<meta property=\"og:image:width\" content=\"2000\" \/>\n\t<meta property=\"og:image:height\" content=\"1333\" \/>\n\t<meta property=\"og:image:type\" content=\"image\/jpeg\" \/>\n<meta name=\"twitter:card\" content=\"summary_large_image\" \/>\n<meta name=\"twitter:image\" content=\"https:\/\/biomes.world\/wp-content\/uploads\/2021\/06\/Depositphotos_235063568_l-2015.jpg\" \/>\n<meta name=\"twitter:label1\" content=\"Gesch\u00e4tzte Lesezeit\" \/>\n\t<meta name=\"twitter:data1\" content=\"1\u00a0Minute\" \/>\n<script type=\"application\/ld+json\" class=\"yoast-schema-graph\">{\"@context\":\"https:\\\/\\\/schema.org\",\"@graph\":[{\"@type\":[\"WebPage\",\"CollectionPage\"],\"@id\":\"https:\\\/\\\/biomes.world\\\/de\\\/presse\",\"url\":\"https:\\\/\\\/biomes.world\\\/de\\\/presse\",\"name\":\"Pressemeldungen und Bildmaterial - BIOMES - Feel better\",\"isPartOf\":{\"@id\":\"https:\\\/\\\/biomes.world\\\/de\\\/#website\"},\"datePublished\":\"2019-04-01T17:40:04+00:00\",\"dateModified\":\"2023-08-29T06:49:32+00:00\",\"description\":\"Auf unserem Pressespiegel stellen wir einen Auszug aktueller Presseartikel \u00fcber unsere Firma und unsere Produkte vor.\",\"breadcrumb\":{\"@id\":\"https:\\\/\\\/biomes.world\\\/de\\\/presse#breadcrumb\"},\"inLanguage\":\"de\"},{\"@type\":\"BreadcrumbList\",\"@id\":\"https:\\\/\\\/biomes.world\\\/de\\\/presse#breadcrumb\",\"itemListElement\":[{\"@type\":\"ListItem\",\"position\":1,\"name\":\"Home\",\"item\":\"https:\\\/\\\/biomes.world\\\/de\\\/\"},{\"@type\":\"ListItem\",\"position\":2,\"name\":\"Footer Service\",\"item\":\"http:\\\/\\\/biomes.world\\\/de\\\/service\\\/\"},{\"@type\":\"ListItem\",\"position\":3,\"name\":\"Presse\"}]},{\"@type\":\"WebSite\",\"@id\":\"https:\\\/\\\/biomes.world\\\/de\\\/#website\",\"url\":\"https:\\\/\\\/biomes.world\\\/de\\\/\",\"name\":\"BIOMES - Feel better\",\"description\":\"Cutting-edge biotechnology used to help people\",\"publisher\":{\"@id\":\"https:\\\/\\\/biomes.world\\\/de\\\/#organization\"},\"potentialAction\":[{\"@type\":\"SearchAction\",\"target\":{\"@type\":\"EntryPoint\",\"urlTemplate\":\"https:\\\/\\\/biomes.world\\\/de\\\/?s={search_term_string}\"},\"query-input\":{\"@type\":\"PropertyValueSpecification\",\"valueRequired\":true,\"valueName\":\"search_term_string\"}}],\"inLanguage\":\"de\"},{\"@type\":\"Organization\",\"@id\":\"https:\\\/\\\/biomes.world\\\/de\\\/#organization\",\"name\":\"BIOMES 4.0 GmbH\",\"url\":\"https:\\\/\\\/biomes.world\\\/de\\\/\",\"logo\":{\"@type\":\"ImageObject\",\"inLanguage\":\"de\",\"@id\":\"https:\\\/\\\/biomes.world\\\/de\\\/#\\\/schema\\\/logo\\\/image\\\/\",\"url\":\"https:\\\/\\\/biomes.world\\\/http:\\\/\\\/biomes.world\\\/wp-content\\\/uploads\\\/2024\\\/04\\\/biomes_logo_2021_RGB.png\",\"contentUrl\":\"https:\\\/\\\/biomes.world\\\/http:\\\/\\\/biomes.world\\\/wp-content\\\/uploads\\\/2024\\\/04\\\/biomes_logo_2021_RGB.png\",\"width\":10040,\"height\":2599,\"caption\":\"BIOMES 4.0 GmbH\"},\"image\":{\"@id\":\"https:\\\/\\\/biomes.world\\\/de\\\/#\\\/schema\\\/logo\\\/image\\\/\"},\"sameAs\":[\"https:\\\/\\\/de-de.facebook.com\\\/BIOMES.world\\\/\",\"https:\\\/\\\/www.youtube.com\\\/@BIOMESworld\",\"https:\\\/\\\/www.instagram.com\\\/biomes_official\\\/\"]}]}<\/script>\n<!-- \/ Yoast SEO plugin. -->","yoast_head_json":{"title":"Pressemeldungen und Bildmaterial - BIOMES - Feel better","description":"Auf unserem Pressespiegel stellen wir einen Auszug aktueller Presseartikel \u00fcber unsere Firma und unsere Produkte vor.","robots":{"index":"index","follow":"follow","max-snippet":"max-snippet:-1","max-image-preview":"max-image-preview:large","max-video-preview":"max-video-preview:-1"},"canonical":"https:\/\/biomes.world\/de\/presse\/","og_locale":"de_DE","og_type":"article","og_title":"Pressemeldungen und Bildmaterial - BIOMES - Feel better","og_description":"Auf unserem Pressespiegel stellen wir einen Auszug aktueller Presseartikel \u00fcber unsere Firma und unsere Produkte vor.","og_url":"https:\/\/biomes.world\/de\/presse","og_site_name":"BIOMES - Feel better","article_publisher":"https:\/\/de-de.facebook.com\/BIOMES.world\/","article_modified_time":"2023-08-29T06:49:32+00:00","og_image":[{"width":2000,"height":1333,"url":"http:\/\/biomes.world\/wp-content\/uploads\/2021\/06\/Depositphotos_235063568_l-2015.jpg","type":"image\/jpeg"}],"twitter_card":"summary_large_image","twitter_image":"https:\/\/biomes.world\/wp-content\/uploads\/2021\/06\/Depositphotos_235063568_l-2015.jpg","twitter_misc":{"Gesch\u00e4tzte Lesezeit":"1\u00a0Minute"},"schema":{"@context":"https:\/\/schema.org","@graph":[{"@type":["WebPage","CollectionPage"],"@id":"https:\/\/biomes.world\/de\/presse","url":"https:\/\/biomes.world\/de\/presse","name":"Pressemeldungen und Bildmaterial - BIOMES - Feel better","isPartOf":{"@id":"https:\/\/biomes.world\/de\/#website"},"datePublished":"2019-04-01T17:40:04+00:00","dateModified":"2023-08-29T06:49:32+00:00","description":"Auf unserem Pressespiegel stellen wir einen Auszug aktueller Presseartikel \u00fcber unsere Firma und unsere Produkte vor.","breadcrumb":{"@id":"https:\/\/biomes.world\/de\/presse#breadcrumb"},"inLanguage":"de"},{"@type":"BreadcrumbList","@id":"https:\/\/biomes.world\/de\/presse#breadcrumb","itemListElement":[{"@type":"ListItem","position":1,"name":"Home","item":"https:\/\/biomes.world\/de\/"},{"@type":"ListItem","position":2,"name":"Footer Service","item":"http:\/\/biomes.world\/de\/service\/"},{"@type":"ListItem","position":3,"name":"Presse"}]},{"@type":"WebSite","@id":"https:\/\/biomes.world\/de\/#website","url":"https:\/\/biomes.world\/de\/","name":"BIOMES - Feel better","description":"Cutting-edge biotechnology used to help people","publisher":{"@id":"https:\/\/biomes.world\/de\/#organization"},"potentialAction":[{"@type":"SearchAction","target":{"@type":"EntryPoint","urlTemplate":"https:\/\/biomes.world\/de\/?s={search_term_string}"},"query-input":{"@type":"PropertyValueSpecification","valueRequired":true,"valueName":"search_term_string"}}],"inLanguage":"de"},{"@type":"Organization","@id":"https:\/\/biomes.world\/de\/#organization","name":"BIOMES 4.0 GmbH","url":"https:\/\/biomes.world\/de\/","logo":{"@type":"ImageObject","inLanguage":"de","@id":"https:\/\/biomes.world\/de\/#\/schema\/logo\/image\/","url":"https:\/\/biomes.world\/http:\/\/biomes.world\/wp-content\/uploads\/2024\/04\/biomes_logo_2021_RGB.png","contentUrl":"https:\/\/biomes.world\/http:\/\/biomes.world\/wp-content\/uploads\/2024\/04\/biomes_logo_2021_RGB.png","width":10040,"height":2599,"caption":"BIOMES 4.0 GmbH"},"image":{"@id":"https:\/\/biomes.world\/de\/#\/schema\/logo\/image\/"},"sameAs":["https:\/\/de-de.facebook.com\/BIOMES.world\/","https:\/\/www.youtube.com\/@BIOMESworld","https:\/\/www.instagram.com\/biomes_official\/"]}]}},"_links":{"self":[{"href":"https:\/\/biomes.world\/de\/wp-json\/wp\/v2\/pages\/150479","targetHints":{"allow":["GET"]}}],"collection":[{"href":"https:\/\/biomes.world\/de\/wp-json\/wp\/v2\/pages"}],"about":[{"href":"https:\/\/biomes.world\/de\/wp-json\/wp\/v2\/types\/page"}],"author":[{"embeddable":true,"href":"https:\/\/biomes.world\/de\/wp-json\/wp\/v2\/users\/402"}],"replies":[{"embeddable":true,"href":"https:\/\/biomes.world\/de\/wp-json\/wp\/v2\/comments?post=150479"}],"version-history":[{"count":3,"href":"https:\/\/biomes.world\/de\/wp-json\/wp\/v2\/pages\/150479\/revisions"}],"predecessor-version":[{"id":613618,"href":"https:\/\/biomes.world\/de\/wp-json\/wp\/v2\/pages\/150479\/revisions\/613618"}],"up":[{"embeddable":true,"href":"https:\/\/biomes.world\/de\/wp-json\/wp\/v2\/pages\/500601"}],"wp:attachment":[{"href":"https:\/\/biomes.world\/de\/wp-json\/wp\/v2\/media?parent=150479"}],"curies":[{"name":"wp","href":"https:\/\/api.w.org\/{rel}","templated":true}]}}